{"id":256,"date":"2023-08-10T09:21:16","date_gmt":"2023-08-10T09:21:16","guid":{"rendered":"http:\/\/diagnoscilaboratoryjni.pl\/?page_id=256"},"modified":"2026-08-31T08:44:09","modified_gmt":"2026-08-31T06:44:09","slug":"czlonkowie-krdl","status":"publish","type":"page","link":"https:\/\/new.kidl.org.pl\/?page_id=256","title":{"rendered":"CZ\u0141ONKOWIE KRDL VI KADENCJI"},"content":{"rendered":"<div class=\"personel__ditails gtfy-1 gtfy-2 gtfy-3\" style=\"text-align: center;\">\n<p>&nbsp;<\/p>\n<\/div>\n<h2>Wojew\u00f3dztwo Dolno\u015bl\u0105skie<\/h2>\n<div class=\"personel__photo-holder\" style=\"text-align: center;\">\n<div class=\"wp-block-image\"><img loading=\"lazy\" decoding=\"async\" class=\"wpa-warning wpa-image-missing-alt alignnone size-medium wp-image-705\" src=\"https:\/\/new.kidl.org.pl\/wp-content\/uploads\/2026\/08\/piotr_brzyskiewicz-300x300.png\" alt=\"\" width=\"300\" height=\"300\" data-warning=\"Missing alt text\" srcset=\"https:\/\/new.kidl.org.pl\/wp-content\/uploads\/2026\/08\/piotr_brzyskiewicz-300x300.png 300w, https:\/\/new.kidl.org.pl\/wp-content\/uploads\/2026\/08\/piotr_brzyskiewicz-150x150.png 150w, https:\/\/new.kidl.org.pl\/wp-content\/uploads\/2026\/08\/piotr_brzyskiewicz.png 500w\" sizes=\"auto, (max-width: 300px) 100vw, 300px\" \/><\/div>\n<\/div>\n<div class=\"personel__ditails\" style=\"text-align: center;\">\n<h4 class=\"personel__name\">Piotr Pawe\u0142 Brzy\u015bkiewicz<\/h4>\n<p class=\"personel__email\">E-mail:\u00a0<a class=\"personel__email-link\" href=\"mailto:p.brzyskiewicz@kidl.org.pl\" rel=\"nofollow\">p.brzyskiewicz@kidl.org.pl<\/a><\/p>\n<\/div>\n<div class=\"personel__photo-holder\" style=\"text-align: center;\"><\/div>\n<div class=\"personel__ditails\" style=\"text-align: center;\">\n<h4 class=\"personel__name\">Jacek Pulit<\/h4>\n<p class=\"personel__email\">E-mail:\u00a0<a class=\"personel__email-link\" href=\"mailto:j.pulit@kidl.org.pl\" rel=\"nofollow\">j.pulit@kidl.org.pl<\/a><\/p>\n<p>&nbsp;<\/p>\n<\/div>\n<h2>Wojew\u00f3dztwo Kujawsko-Pomorskie<\/h2>\n<div class=\"personel__photo-holder\" style=\"text-align: center;\"><img loading=\"lazy\" decoding=\"async\" class=\"personel__photo\" src=\"https:\/\/kidl.org.pl\/get-file\/12555_cropped.jpg\" alt=\"Marzenna Maria Gruszka\" width=\"282\" height=\"282\" \/><\/div>\n<div class=\"personel__ditails\" style=\"text-align: center;\">\n<h4 class=\"personel__name\">Marzenna Maria Gruszka<\/h4>\n<p class=\"personel__email\">E-mail:\u00a0<a class=\"personel__email-link\" href=\"mailto:m.gruszka@kidl.org.pl\" rel=\"nofollow\">m.gruszka@kidl.org.pl<\/a><\/p>\n<p class=\"personel__province\">\n<\/div>\n<div class=\"personel__photo-holder\" style=\"text-align: center;\"><img loading=\"lazy\" decoding=\"async\" class=\"personel__photo\" src=\"https:\/\/kidl.org.pl\/get-file\/4218_cropped.jpg\" alt=\"Anna Meyer-Stachowska\" width=\"282\" height=\"282\" \/><\/div>\n<div class=\"personel__ditails\" style=\"text-align: center;\">\n<h4 class=\"personel__name\">Anna Meyer-Stachowska<\/h4>\n<p class=\"personel__email\">E-mail:\u00a0<a class=\"personel__email-link\" href=\"mailto:a.meyer-stachowska@kidl.org.pl\" rel=\"nofollow\">a.meyer-stachowska@kidl.org.pl<\/a><\/p>\n<p>&nbsp;<\/p>\n<\/div>\n<h2>Wojew\u00f3dztwo Lubelskie<\/h2>\n<div class=\"personel__photo-holder\" style=\"text-align: center;\"><img loading=\"lazy\" decoding=\"async\" class=\"personel__photo\" src=\"https:\/\/kidl.org.pl\/get-file\/12536_cropped.jpg\" alt=\"Dariusz Duma\" width=\"282\" height=\"282\" \/><\/div>\n<div class=\"personel__ditails\" style=\"text-align: center;\">\n<h4 class=\"personel__name\">Dariusz Duma<\/h4>\n<p class=\"personel__email\">E-mail:\u00a0<a class=\"personel__email-link\" href=\"mailto:d.duma@kidl.org.pl\" rel=\"nofollow\">d.duma@kidl.org.pl<\/a><\/p>\n<p class=\"personel__province\">\n<\/div>\n<div class=\"personel__photo-holder\" style=\"text-align: center;\"><img loading=\"lazy\" decoding=\"async\" class=\"personel__photo\" src=\"https:\/\/kidl.org.pl\/get-file\/12936_cropped.jpg\" alt=\"Anna El\u017cbieta Lipnicka\" width=\"284\" height=\"284\" \/><\/div>\n<div class=\"personel__ditails\" style=\"text-align: center;\">\n<h4 class=\"personel__name\">Anna El\u017cbieta Lipnicka<\/h4>\n<p class=\"personel__email\">E-mail:\u00a0<a class=\"personel__email-link\" href=\"mailto:a.lipnicka@kidl.org.pl\" rel=\"nofollow\">a.lipnicka@kidl.org.pl<\/a><\/p>\n<p>&nbsp;<\/p>\n<h2 style=\"text-align: left;\">Wojew\u00f3dztwo Lubuskie<\/h2>\n<\/div>\n<div class=\"personel__photo-holder\" style=\"text-align: center;\"><img loading=\"lazy\" decoding=\"async\" class=\"personel__photo\" src=\"https:\/\/kidl.org.pl\/get-file\/12939_cropped.jpg\" alt=\"Ewa Brzezi\u0144ska\" width=\"282\" height=\"282\" \/><\/div>\n<div class=\"personel__ditails\" style=\"text-align: center;\">\n<h4 class=\"personel__name\">Ewa Brzezi\u0144ska<\/h4>\n<p class=\"personel__email\">E-mail:\u00a0<a class=\"personel__email-link\" href=\"mailto:e.brzezinska@kidl.org.pl\" rel=\"nofollow\">e.brzezinska@kidl.org.pl<\/a><\/p>\n<p class=\"personel__province\">\n<\/div>\n<div class=\"personel__photo-holder\" style=\"text-align: center;\">\n<h4 class=\"personel__name\">Magdalena Frankiewicz (od 13.02.2025)<\/h4>\n<p class=\"personel__email\">E-mail:\u00a0<a class=\"personel__email-link\" href=\"mailto:m.frankiewicz@kidl.org.pl\" rel=\"nofollow\">m.frankiewicz@kidl.org.pl<\/a><\/p>\n<p class=\"personel__province\">Wojew\u00f3dztwo: lubuskie<\/p>\n<\/div>\n<div class=\"personel__ditails\" style=\"text-align: center;\">\n<p>&nbsp;<\/p>\n<h2 style=\"text-align: left;\">Wojew\u00f3dztwo \u0141\u00f3dzkie<\/h2>\n<\/div>\n<div class=\"personel__photo-holder\" style=\"text-align: center;\"><img loading=\"lazy\" decoding=\"async\" class=\"personel__photo\" src=\"https:\/\/kidl.org.pl\/get-file\/12556_cropped.jpg\" alt=\"Agnieszka Maria Jele\u0144\" width=\"283\" height=\"283\" \/><\/div>\n<div class=\"personel__ditails\" style=\"text-align: center;\">\n<h4 class=\"personel__name\">Agnieszka Maria Jele\u0144<\/h4>\n<p class=\"personel__email\">E-mail:\u00a0<a class=\"personel__email-link\" href=\"mailto:a.jelen@kidl.org.pl\" rel=\"nofollow\">a.jelen@kidl.org.pl<\/a><\/p>\n<p class=\"personel__province\">\n<\/div>\n<div class=\"personel__photo-holder\" style=\"text-align: center;\"><img loading=\"lazy\" decoding=\"async\" class=\"personel__photo\" src=\"https:\/\/kidl.org.pl\/get-file\/12543_cropped.jpg\" alt=\"Sylwia Magdalena Moskwa\" width=\"283\" height=\"283\" \/><\/div>\n<div class=\"personel__ditails\" style=\"text-align: center;\">\n<h4 class=\"personel__name\">Sylwia Magdalena Moskwa<\/h4>\n<p class=\"personel__email\">E-mail:\u00a0<a class=\"personel__email-link\" href=\"mailto:s.moskwa@kidl.org.pl\" rel=\"nofollow\">s.moskwa@kidl.org.pl<\/a><\/p>\n<p>&nbsp;<\/p>\n<h2 style=\"text-align: left;\">Wojew\u00f3dztwo Ma\u0142opolskie<\/h2>\n<\/div>\n<div class=\"personel__photo-holder\" style=\"text-align: center;\"><img loading=\"lazy\" decoding=\"async\" class=\"personel__photo\" src=\"https:\/\/kidl.org.pl\/get-file\/12943_cropped.jpg\" alt=\"Karolina El\u017cbieta Bukowska-Strakov\u00e1\" width=\"281\" height=\"281\" \/><\/div>\n<div class=\"personel__ditails\" style=\"text-align: center;\">\n<h4 class=\"personel__name\">Karolina El\u017cbieta Bukowska-Strakov\u00e1<\/h4>\n<p class=\"personel__email\">E-mail:\u00a0<a class=\"personel__email-link\" href=\"mailto:k.bukowska-strakova@kidl.org.pl\" rel=\"nofollow\">k.bukowska-strakova@kidl.org.pl<\/a><\/p>\n<p class=\"personel__province\">\n<\/div>\n<div class=\"personel__photo-holder\" style=\"text-align: center;\"><img loading=\"lazy\" decoding=\"async\" class=\"personel__photo\" src=\"https:\/\/kidl.org.pl\/get-file\/12545_cropped.jpg\" alt=\"Ewa Gom\u00f3\u0142ka\" width=\"282\" height=\"282\" \/><\/div>\n<div class=\"personel__ditails\" style=\"text-align: center;\">\n<h4 class=\"personel__name\">Ewa Gom\u00f3\u0142ka<\/h4>\n<p class=\"personel__email\">E-mail:\u00a0<a class=\"personel__email-link\" href=\"mailto:e.gomolka@kidl.org.pl\" rel=\"nofollow\">e.gomolka@kidl.org.pl<\/a><\/p>\n<p>&nbsp;<\/p>\n<h2 style=\"text-align: left;\">Wojew\u00f3dztwo Ma\u0142opolskie<\/h2>\n<\/div>\n<div class=\"personel__photo-holder\" style=\"text-align: center;\"><img loading=\"lazy\" decoding=\"async\" class=\"personel__photo\" src=\"https:\/\/kidl.org.pl\/get-file\/12546_cropped.jpg\" alt=\"Bernadetta Katarzyna Jakubowicz\" width=\"284\" height=\"284\" \/><\/div>\n<div class=\"personel__ditails\" style=\"text-align: center;\">\n<h4 class=\"personel__name\">Bernadetta Katarzyna Jakubowicz<\/h4>\n<p class=\"personel__email\">E-mail:\u00a0<a class=\"personel__email-link\" href=\"mailto:b.jakubowicz@kidl.org.pl\" rel=\"nofollow\">b.jakubowicz@kidl.org.pl<\/a><\/p>\n<p class=\"personel__province\">\n<\/div>\n<div class=\"personel__ditails\" style=\"text-align: center;\">\n<h4 class=\"personel__name\">Monika Aneta Jab\u0142onowska<\/h4>\n<p class=\"personel__email\">E-mail:\u00a0<a class=\"personel__email-link\" href=\"mailto:m.jablonowska@kidl.org.pl\" rel=\"nofollow\">m.jablonowska@kidl.org.pl<\/a><\/p>\n<p>&nbsp;<\/p>\n<\/div>\n<h2>Wojew\u00f3dztwo Mazowieckie<\/h2>\n<div class=\"personel__photo-holder\" style=\"text-align: center;\"><img loading=\"lazy\" decoding=\"async\" class=\"personel__photo\" src=\"https:\/\/kidl.org.pl\/get-file\/12533_cropped.jpg\" alt=\"Szymon Walter de Walthoffen\" width=\"282\" height=\"282\" \/><\/div>\n<div class=\"personel__ditails\" style=\"text-align: center;\">\n<h4 class=\"personel__name\">Szymon Walter de Walthoffen<\/h4>\n<p class=\"personel__email\">E-mail:\u00a0<a class=\"personel__email-link\" href=\"mailto:s.walter@kidl.org.pl\" rel=\"nofollow\">s.walter@kidl.org.pl<\/a><\/p>\n<p class=\"personel__province\">\n<\/div>\n<div class=\"personel__photo-holder\" style=\"text-align: center;\"><img loading=\"lazy\" decoding=\"async\" class=\"personel__photo\" src=\"https:\/\/kidl.org.pl\/get-file\/12548_cropped.jpg\" alt=\"Aldona Ewa Wierzbicka-Ruci\u0144ska\" width=\"282\" height=\"282\" \/><\/div>\n<div class=\"personel__ditails\" style=\"text-align: center;\">\n<h4 class=\"personel__name\">Aldona Ewa Wierzbicka-Ruci\u0144ska<\/h4>\n<p class=\"personel__email\">E-mail:\u00a0<a class=\"personel__email-link\" href=\"mailto:a.wierzbicka-rucinska@kidl.org.pl\" rel=\"nofollow\">a.wierzbicka-rucinska@kidl.org.pl<\/a><\/p>\n<p>&nbsp;<\/p>\n<\/div>\n<h2>Wojew\u00f3dztwo Opolskie<\/h2>\n<div class=\"personel__photo-holder\" style=\"text-align: center;\"><img loading=\"lazy\" decoding=\"async\" class=\"personel__photo\" src=\"https:\/\/kidl.org.pl\/get-file\/12540_cropped.jpg\" alt=\"Joanna Henryka Kowalska\" width=\"282\" height=\"282\" \/><\/div>\n<div class=\"personel__ditails\" style=\"text-align: center;\">\n<h4 class=\"personel__name\">Joanna Henryka Kowalska<\/h4>\n<p class=\"personel__email\">E-mail:\u00a0<a class=\"personel__email-link\" href=\"mailto:j.kowalska@kidl.org.pl\" rel=\"nofollow\">j.kowalska@kidl.org.pl<\/a><\/p>\n<p class=\"personel__province\">\n<\/div>\n<div class=\"personel__photo-holder\" style=\"text-align: center;\"><img loading=\"lazy\" decoding=\"async\" class=\"personel__photo\" src=\"https:\/\/kidl.org.pl\/get-file\/12544_cropped.jpg\" alt=\"Renata Mond-Paszek\" width=\"282\" height=\"282\" \/><\/div>\n<div class=\"personel__ditails\" style=\"text-align: center;\">\n<h4 class=\"personel__name\">Renata Mond-Paszek<\/h4>\n<p class=\"personel__email\">E-mail:\u00a0<a class=\"personel__email-link\" href=\"mailto:r.mond-paszek@kidl.org.pl\" rel=\"nofollow\">r.mond-paszek@kidl.org.pl<\/a><\/p>\n<p>&nbsp;<\/p>\n<h2 style=\"text-align: left;\">Wojew\u00f3dztwo Podkarpackie<\/h2>\n<\/div>\n<div class=\"personel__photo-holder\" style=\"text-align: center;\"><img loading=\"lazy\" decoding=\"async\" class=\"personel__photo\" src=\"https:\/\/kidl.org.pl\/get-file\/12560_cropped.jpg\" alt=\"Liliana Guzik\" width=\"282\" height=\"282\" \/><\/div>\n<div class=\"personel__ditails\" style=\"text-align: center;\">\n<h4 class=\"personel__name\">Liliana Guzik<\/h4>\n<p class=\"personel__email\">E-mail:\u00a0<a class=\"personel__email-link\" href=\"mailto:l.guzik@kidl.org.pl\" rel=\"nofollow\">l.guzik@kidl.org.pl<\/a><\/p>\n<p class=\"personel__province\">\n<\/div>\n<div class=\"personel__photo-holder\" style=\"text-align: center;\"><img loading=\"lazy\" decoding=\"async\" class=\"personel__photo\" src=\"https:\/\/kidl.org.pl\/get-file\/12549_cropped.jpg\" alt=\"Katarzyna Maria Krawczyk\" width=\"285\" height=\"285\" \/><\/div>\n<div class=\"personel__ditails\" style=\"text-align: center;\">\n<h4 class=\"personel__name\">Katarzyna Maria Krawczyk<\/h4>\n<p class=\"personel__email\">E-mail:\u00a0<a class=\"personel__email-link\" href=\"mailto:k.krawczyk@kidl.org.pl\" rel=\"nofollow\">k.krawczyk@kidl.org.pl<\/a><\/p>\n<p>&nbsp;<\/p>\n<h2 style=\"text-align: left;\">Wojew\u00f3dztwo Podlaskie<\/h2>\n<\/div>\n<div class=\"personel__photo-holder\" style=\"text-align: center;\"><img loading=\"lazy\" decoding=\"async\" class=\"personel__photo\" src=\"https:\/\/kidl.org.pl\/get-file\/12550_cropped.jpg\" alt=\"Sylwia Ma\u0142gorzata Koz\u0142owska\" width=\"283\" height=\"283\" \/><\/div>\n<div class=\"personel__ditails\" style=\"text-align: center;\">\n<h4 class=\"personel__name\">Sylwia Ma\u0142gorzata Koz\u0142owska<\/h4>\n<p class=\"personel__email\">E-mail:\u00a0<a class=\"personel__email-link\" href=\"mailto:s.kozlowska@kidl.org.pl\" rel=\"nofollow\">s.kozlowska@kidl.org.pl<\/a><\/p>\n<p class=\"personel__province\">\n<\/div>\n<div class=\"personel__photo-holder\" style=\"text-align: center;\"><img loading=\"lazy\" decoding=\"async\" class=\"personel__photo\" src=\"https:\/\/kidl.org.pl\/get-file\/12551_cropped.jpg\" alt=\"Ma\u0142gorzata Danuta Wojtkowska\" width=\"282\" height=\"282\" \/><\/div>\n<div class=\"personel__ditails\" style=\"text-align: center;\">\n<h4 class=\"personel__name\">Ma\u0142gorzata Danuta Wojtkowska<\/h4>\n<p class=\"personel__email\">E-mail:\u00a0<a class=\"personel__email-link\" href=\"mailto:m.wojtkowska@kidl.org.pl\" rel=\"nofollow\">m.wojtkowska@kidl.org.pl<\/a><\/p>\n<p>&nbsp;<\/p>\n<h2 style=\"text-align: left;\">Wojew\u00f3dztwo Pomorskie<\/h2>\n<\/div>\n<div class=\"personel__photo-holder\" style=\"text-align: center;\"><img loading=\"lazy\" decoding=\"async\" class=\"personel__photo\" src=\"https:\/\/kidl.org.pl\/get-file\/12541_cropped.jpg\" alt=\"Gabriela Joanna Langner\" width=\"282\" height=\"282\" \/><\/div>\n<div class=\"personel__ditails\" style=\"text-align: center;\">\n<h4 class=\"personel__name\">Gabriela Joanna Langner<\/h4>\n<p class=\"personel__email\">E-mail:\u00a0<a class=\"personel__email-link\" href=\"mailto:g.langner@kidl.org.pl\" rel=\"nofollow\">g.langner@kidl.org.pl<\/a><\/p>\n<p class=\"personel__province\">\n<\/div>\n<div class=\"personel__photo-holder\" style=\"text-align: center;\"><img loading=\"lazy\" decoding=\"async\" class=\"personel__photo\" src=\"https:\/\/kidl.org.pl\/get-file\/12944_cropped.jpg\" alt=\"Alicja Utracka\" width=\"283\" height=\"283\" \/><\/div>\n<div class=\"personel__ditails\" style=\"text-align: center;\">\n<h4 class=\"personel__name\">Alicja Utracka<\/h4>\n<p class=\"personel__email\">E-mail:\u00a0<a class=\"personel__email-link\" href=\"mailto:a.utracka@kidl.org.pl\" rel=\"nofollow\">a.utracka@kidl.org.pl<\/a><\/p>\n<p>&nbsp;<\/p>\n<h2 style=\"text-align: left;\">Wojew\u00f3dztwo\u00a0 \u015al\u0105skie<\/h2>\n<\/div>\n<div class=\"personel__photo-holder\" style=\"text-align: center;\"><img loading=\"lazy\" decoding=\"async\" class=\"personel__photo\" src=\"https:\/\/kidl.org.pl\/get-file\/12537_cropped.jpg\" alt=\"Magdalena Ko\u015bcielniak-Ziemniak\" width=\"282\" height=\"282\" \/><\/div>\n<div class=\"personel__ditails\" style=\"text-align: center;\">\n<h4 class=\"personel__name\">Magdalena Ko\u015bcielniak-Ziemniak<\/h4>\n<p class=\"personel__email\">E-mail:\u00a0<a class=\"personel__email-link\" href=\"mailto:m.koscielniak-ziemniak@kidl.org.pl\" rel=\"nofollow\">m.koscielniak-ziemniak@kidl.org.pl<\/a><\/p>\n<p class=\"personel__province\">\n<\/div>\n<div class=\"personel__photo-holder\" style=\"text-align: center;\"><img loading=\"lazy\" decoding=\"async\" class=\"personel__photo\" src=\"https:\/\/kidl.org.pl\/get-file\/12532_cropped.jpg\" alt=\"Renata Krygier\" width=\"283\" height=\"283\" \/><\/div>\n<div class=\"personel__ditails\" style=\"text-align: center;\">\n<h4 class=\"personel__name\">Renata Krygier<\/h4>\n<p class=\"personel__email\">E-mail:\u00a0<a class=\"personel__email-link\" href=\"mailto:r.krygier@kidl.org.pl\" rel=\"nofollow\">r.krygier@kidl.org.pl<\/a><\/p>\n<p>&nbsp;<\/p>\n<\/div>\n<div class=\"personel__photo-holder\" style=\"text-align: center;\">\n<h4 class=\"personel__name\">El\u017cbieta Rabsztyn (od 23.01.2025 r.)<\/h4>\n<p class=\"personel__email\">E-mail:\u00a0<a class=\"personel__email-link\" href=\"mailto:e.rabsztyn@kidl.org.pl\" rel=\"nofollow\">e.rabsztyn@kidl.org.pl<\/a><\/p>\n<p class=\"personel__province\">Wojew\u00f3dztwo: \u015bl\u0105skie<\/p>\n<\/div>\n<div class=\"personel__ditails\" style=\"text-align: center;\">\n<p>&nbsp;<\/p>\n<\/div>\n<h2>Wojew\u00f3dztwo \u015awi\u0119tokrzyskie<\/h2>\n<div class=\"personel__photo-holder\" style=\"text-align: center;\"><img loading=\"lazy\" decoding=\"async\" class=\"personel__photo\" src=\"https:\/\/kidl.org.pl\/get-file\/12942_cropped.jpg\" alt=\"Anna Grudniewska\" width=\"282\" height=\"282\" \/><\/div>\n<div class=\"personel__ditails\" style=\"text-align: center;\">\n<h4 class=\"personel__name\">Anna Grudniewska<\/h4>\n<p class=\"personel__email\">E-mail:\u00a0<a class=\"personel__email-link\" href=\"mailto:a.grudniewska@kidl.org.pl\" rel=\"nofollow\">a.grudniewska@kidl.org.pl<\/a><\/p>\n<p class=\"personel__province\">\n<\/div>\n<div class=\"personel__photo-holder\" style=\"text-align: center;\"><img loading=\"lazy\" decoding=\"async\" class=\"personel__photo\" src=\"https:\/\/kidl.org.pl\/get-file\/12531_cropped.jpg\" alt=\"Wojciech Markiewicz\" width=\"282\" height=\"282\" \/><\/div>\n<div class=\"personel__ditails\" style=\"text-align: center;\">\n<h4 class=\"personel__name\">Wojciech Markiewicz<\/h4>\n<p class=\"personel__email\">E-mail:\u00a0<a class=\"personel__email-link\" href=\"mailto:w.markiewicz@kidl.org.pl\" rel=\"nofollow\">w.markiewicz@kidl.org.pl<\/a><\/p>\n<p>&nbsp;<\/p>\n<h2 style=\"text-align: left;\">Wojew\u00f3dztwo Warmi\u0144sko-Mazurskie<\/h2>\n<\/div>\n<div class=\"personel__photo-holder\" style=\"text-align: center;\"><img loading=\"lazy\" decoding=\"async\" class=\"personel__photo\" src=\"https:\/\/kidl.org.pl\/get-file\/12538_cropped.jpg\" alt=\"Iwona Kowalczyk\" width=\"282\" height=\"282\" \/><\/div>\n<div class=\"personel__ditails\" style=\"text-align: center;\">\n<h4 class=\"personel__name\">Iwona Kowalczyk<\/h4>\n<p class=\"personel__email\">E-mail:\u00a0<a class=\"personel__email-link\" href=\"mailto:i.kowalczyk@kidl.org.pl\" rel=\"nofollow\">i.kowalczyk@kidl.org.pl<\/a><\/p>\n<p class=\"personel__province\">\n<\/div>\n<div class=\"personel__photo-holder\" style=\"text-align: center;\"><img loading=\"lazy\" decoding=\"async\" class=\"personel__photo\" src=\"https:\/\/kidl.org.pl\/get-file\/12553_cropped.jpg\" alt=\"El\u017cbieta Magdalena Stefaniuk\" width=\"283\" height=\"283\" \/><\/div>\n<div class=\"personel__ditails\" style=\"text-align: center;\">\n<h4 class=\"personel__name\">El\u017cbieta Magdalena Stefaniuk<\/h4>\n<p class=\"personel__email\">E-mail:\u00a0<a class=\"personel__email-link\" href=\"mailto:e.stefaniuk@kidl.org.pl\" rel=\"nofollow\">e.stefaniuk@kidl.org.pl<\/a><\/p>\n<p>&nbsp;<\/p>\n<h2 style=\"text-align: left;\">Wojew\u00f3dztwo Wielkopolskie<\/h2>\n<\/div>\n<div class=\"personel__photo-holder\" style=\"text-align: center;\"><img loading=\"lazy\" decoding=\"async\" class=\"personel__photo\" src=\"https:\/\/kidl.org.pl\/get-file\/12539_cropped.jpg\" alt=\"Marta Budzi\u0144ska\" width=\"282\" height=\"282\" \/><\/div>\n<div class=\"personel__ditails\" style=\"text-align: center;\">\n<h4 class=\"personel__name\">Marta Budzi\u0144ska<\/h4>\n<p class=\"personel__email\">E-mail:\u00a0<a class=\"personel__email-link\" href=\"mailto:m.budzinska@kidl.org.pl\" rel=\"nofollow\">m.budzinska@kidl.org.pl<\/a><\/p>\n<p class=\"personel__province\">\n<\/div>\n<div class=\"personel__photo-holder\" style=\"text-align: center;\"><img loading=\"lazy\" decoding=\"async\" class=\"personel__photo\" src=\"https:\/\/kidl.org.pl\/get-file\/12554_cropped.jpg\" alt=\"Katarzyna Ma\u0142gorzata Zi\u00f3\u0142kowska\" width=\"282\" height=\"282\" \/><\/div>\n<div class=\"personel__ditails\" style=\"text-align: center;\">\n<h4 class=\"personel__name\">Katarzyna Ma\u0142gorzata Zi\u00f3\u0142kowska<\/h4>\n<p class=\"personel__email\">E-mail:\u00a0<a class=\"personel__email-link\" href=\"mailto:k.ziolkowska@kidl.org.pl\" rel=\"nofollow\">k.ziolkowska@kidl.org.pl<\/a><\/p>\n<p>&nbsp;<\/p>\n<\/div>\n<h2>Wojew\u00f3dztwo Zachodniopomorskie<\/h2>\n<div class=\"personel__photo-holder\" style=\"text-align: center;\"><img loading=\"lazy\" decoding=\"async\" class=\"personel__photo\" src=\"https:\/\/kidl.org.pl\/get-file\/12938_cropped.jpg\" alt=\"Katarzyna Maria Fischer\" width=\"282\" height=\"282\" \/><\/div>\n<div class=\"personel__ditails\" style=\"text-align: center;\">\n<h4 class=\"personel__name\">Katarzyna Maria Fischer<\/h4>\n<p class=\"personel__email\">E-mail:\u00a0<a class=\"personel__email-link\" href=\"mailto:k.fischer@kidl.org.pl\" rel=\"nofollow\">k.fischer@kidl.org.pl<\/a><\/p>\n<p class=\"personel__province\">\n<\/div>\n<div class=\"personel__photo-holder\" style=\"text-align: center;\"><img loading=\"lazy\" decoding=\"async\" class=\"personel__photo\" src=\"https:\/\/kidl.org.pl\/get-file\/12940_cropped.jpg\" alt=\"Konrad Krzysztof Grzeszczak\" width=\"282\" height=\"282\" \/><\/div>\n<div class=\"personel__ditails\">\n<h4 class=\"personel__name\" style=\"text-align: center;\">Konrad Krzysztof Grzeszczak<\/h4>\n<p class=\"personel__email\" style=\"text-align: center;\">E-mail:\u00a0<a class=\"personel__email-link\" href=\"mailto:k.grzeszczak@kidl.org.pl\" rel=\"nofollow\">k.grzeszczak@kidl.org.pl<\/a><\/p>\n<p>&nbsp;<\/p>\n<\/div>\n<h2>M\u0142odzi Diagno\u015bci<\/h2>\n<div class=\"personel__photo-holder\" style=\"text-align: center;\"><img loading=\"lazy\" decoding=\"async\" class=\"personel__photo\" src=\"https:\/\/kidl.org.pl\/get-file\/12937_cropped.jpg\" alt=\"Mateusz J\u00f3zef Chmielarz\" width=\"284\" height=\"284\" \/><\/div>\n<div class=\"personel__ditails\" style=\"text-align: center;\">\n<h4 class=\"personel__name\">Mateusz J\u00f3zef Chmielarz<\/h4>\n<p class=\"personel__email\">E-mail:\u00a0<a class=\"personel__email-link\" href=\"mailto:m.chmielarz@kidl.org.pl\" rel=\"nofollow\">m.chmielarz@kidl.org.pl<\/a><\/p>\n<p>&nbsp;<\/p>\n<\/div>\n<div class=\"personel__photo-holder\" style=\"text-align: center;\"><img loading=\"lazy\" decoding=\"async\" class=\"personel__photo\" src=\"https:\/\/kidl.org.pl\/get-file\/12530_cropped.jpg\" alt=\"Sylwester \u0141u\u017cny\" width=\"282\" height=\"282\" \/><\/div>\n<div class=\"personel__ditails\" style=\"text-align: center;\">\n<h4 class=\"personel__name\">Sylwester \u0141u\u017cny<\/h4>\n<p class=\"personel__email\">E-mail:\u00a0<a class=\"personel__email-link\" href=\"mailto:s.luzny@kidl.org.pl\" rel=\"nofollow\">s.luzny@kidl.org.pl<\/a><\/p>\n<p>&nbsp;<\/p>\n<\/div>\n","protected":false},"excerpt":{"rendered":"<p>&nbsp; Wojew\u00f3dztwo Dolno\u015bl\u0105skie Piotr Pawe\u0142 Brzy\u015bkiewicz E-mail:\u00a0p.brzyskiewicz@kidl.org.pl Jacek Pulit E-mail:\u00a0j.pulit@kidl.org.pl &nbsp; Wojew\u00f3dztwo Kujawsko-Pomorskie Marzenna Maria [&hellip;]<\/p>\n","protected":false},"author":1,"featured_media":0,"parent":0,"menu_order":0,"comment_status":"closed","ping_status":"closed","template":"","meta":{"_gutenify_countdown_timer_type":"fixed","_gutenify_countdown_timer_evergreen_hours":24,"_gutenify_countdown_timer_evergreen_minutes":0,"_gutenify_countdown_timer_date":"","_gutenify_countdown_timer_timezone":"US\/Eastern","_gutenify_countdown_timer_end_action":"none","_gutenify_countdown_timer_hide_selector":"","_gutenify_countdown_timer_redirect_url":"","ngg_post_thumbnail":0,"footnotes":""},"class_list":["post-256","page","type-page","status-publish","hentry"],"featured_image_src":null,"_links":{"self":[{"href":"https:\/\/new.kidl.org.pl\/index.php?rest_route=\/wp\/v2\/pages\/256","targetHints":{"allow":["GET"]}}],"collection":[{"href":"https:\/\/new.kidl.org.pl\/index.php?rest_route=\/wp\/v2\/pages"}],"about":[{"href":"https:\/\/new.kidl.org.pl\/index.php?rest_route=\/wp\/v2\/types\/page"}],"author":[{"embeddable":true,"href":"https:\/\/new.kidl.org.pl\/index.php?rest_route=\/wp\/v2\/users\/1"}],"replies":[{"embeddable":true,"href":"https:\/\/new.kidl.org.pl\/index.php?rest_route=%2Fwp%2Fv2%2Fcomments&post=256"}],"version-history":[{"count":2,"href":"https:\/\/new.kidl.org.pl\/index.php?rest_route=\/wp\/v2\/pages\/256\/revisions"}],"predecessor-version":[{"id":708,"href":"https:\/\/new.kidl.org.pl\/index.php?rest_route=\/wp\/v2\/pages\/256\/revisions\/708"}],"wp:attachment":[{"href":"https:\/\/new.kidl.org.pl\/index.php?rest_route=%2Fwp%2Fv2%2Fmedia&parent=256"}],"curies":[{"name":"wp","href":"https:\/\/api.w.org\/{rel}","templated":true}]}}