{"id":1622,"date":"2026-09-05T02:04:47","date_gmt":"2026-09-05T00:04:47","guid":{"rendered":"https:\/\/new.kidl.org.pl\/?page_id=1622"},"modified":"2026-09-05T02:32:22","modified_gmt":"2026-09-05T00:32:22","slug":"kursy-dla-diagnostow-laboratoryjnych-i-pozostalych-zawodow-medycznych-w-diagnostyce-i-terapii-chorob","status":"publish","type":"page","link":"https:\/\/new.kidl.org.pl\/?page_id=1622","title":{"rendered":"Kursy dla diagnost\u00f3w laboratoryjnych i pozosta\u0142ych zawod\u00f3w medycznych w diagnostyce i terapii chor\u00f3b"},"content":{"rendered":"\n<figure class=\"wp-block-image alignfull size-large gtfy-1\"><img loading=\"lazy\" decoding=\"async\" width=\"1024\" height=\"141\" src=\"https:\/\/new.kidl.org.pl\/wp-content\/uploads\/2026\/09\/image-3-1024x141.png\" alt=\"\" class=\"wp-image-1638\" srcset=\"https:\/\/new.kidl.org.pl\/wp-content\/uploads\/2026\/09\/image-3-1024x141.png 1024w, https:\/\/new.kidl.org.pl\/wp-content\/uploads\/2026\/09\/image-3-300x41.png 300w, https:\/\/new.kidl.org.pl\/wp-content\/uploads\/2026\/09\/image-3-761x105.png 761w, https:\/\/new.kidl.org.pl\/wp-content\/uploads\/2026\/09\/image-3.png 1384w\" sizes=\"auto, (max-width: 1024px) 100vw, 1024px\" \/><\/figure>\n\n\n<div class=\"wp-block-ub-tabbed-content wp-block-ub-tabbed-content-pills wp-block-ub-tabbed-content-holder vertical-holder alignfull wp-block-ub-tabbed-content-horizontal-holder-mobile wp-block-ub-tabbed-content-horizontal-holder-tablet gtfy-339\" id=\"ub-tabbed-content-99ba6aed-bbc3-40d3-b577-0dbc1454fa1e\" style=\"gap: 10px; \">\n\t\t\t<div class=\"wp-block-ub-tabbed-content-tab-holder vertical-tab-width horizontal-tab-width-mobile horizontal-tab-width-tablet\">\n\t\t\t\t<div role=\"tablist\" class=\"wp-block-ub-tabbed-content-tabs-title-vertical-tab wp-block-ub-tabbed-content-tabs-title-mobile-horizontal-tab wp-block-ub-tabbed-content-tabs-title-tablet-horizontal-tab\" style=\"justify-content: flex-start; \"><div role=\"tab\" id=\"ub-tabbed-content-99ba6aed-bbc3-40d3-b577-0dbc1454fa1e-tab-0\" aria-controls=\"ub-tabbed-content-99ba6aed-bbc3-40d3-b577-0dbc1454fa1e-panel-0\" aria-selected=\"true\" class=\"wp-block-ub-tabbed-content-tab-title-vertical-wrap active\" style=\"--ub-tabbed-title-background-color: #fcd576; --ub-tabbed-active-title-color: inherit; --ub-tabbed-active-title-background-color: #fcd576; border-top-left-radius: 0px;; border-top-right-radius: 0px;; border-bottom-left-radius: 0px;; border-bottom-right-radius: 0px;; text-align: left; \" tabindex=\"-1\">\n\t\t\t\t<div class=\"wp-block-ub-tabbed-content-tab-title\"><strong>O PROJEKCIE<\/strong><\/div>\n\t\t\t<\/div><div role=\"tab\" id=\"ub-tabbed-content-99ba6aed-bbc3-40d3-b577-0dbc1454fa1e-tab-1\" aria-controls=\"ub-tabbed-content-99ba6aed-bbc3-40d3-b577-0dbc1454fa1e-panel-1\" aria-selected=\"false\" class=\"wp-block-ub-tabbed-content-tab-title-vertical-wrap\" style=\"--ub-tabbed-active-title-color: inherit; --ub-tabbed-active-title-background-color: #fcd576; border-top-left-radius: 0px;; border-top-right-radius: 0px;; border-bottom-left-radius: 0px;; border-bottom-right-radius: 0px;; text-align: left; \" tabindex=\"-1\">\n\t\t\t\t<div class=\"wp-block-ub-tabbed-content-tab-title\"><strong>ZADANIA<\/strong><\/div>\n\t\t\t<\/div><div role=\"tab\" id=\"ub-tabbed-content-99ba6aed-bbc3-40d3-b577-0dbc1454fa1e-tab-2\" aria-controls=\"ub-tabbed-content-99ba6aed-bbc3-40d3-b577-0dbc1454fa1e-panel-2\" aria-selected=\"false\" class=\"wp-block-ub-tabbed-content-tab-title-vertical-wrap\" style=\"--ub-tabbed-active-title-color: inherit; --ub-tabbed-active-title-background-color: #fcd576; border-top-left-radius: 0px;; border-top-right-radius: 0px;; border-bottom-left-radius: 0px;; border-bottom-right-radius: 0px;; text-align: left; \" tabindex=\"-1\">\n\t\t\t\t<div class=\"wp-block-ub-tabbed-content-tab-title\"><strong>PROGRAMY SZKOLE\u0143<\/strong><\/div>\n\t\t\t<\/div><div role=\"tab\" id=\"ub-tabbed-content-99ba6aed-bbc3-40d3-b577-0dbc1454fa1e-tab-3\" aria-controls=\"ub-tabbed-content-99ba6aed-bbc3-40d3-b577-0dbc1454fa1e-panel-3\" aria-selected=\"false\" class=\"wp-block-ub-tabbed-content-tab-title-vertical-wrap\" style=\"--ub-tabbed-active-title-color: inherit; --ub-tabbed-active-title-background-color: #fcd576; border-top-left-radius: 0px;; border-top-right-radius: 0px;; border-bottom-left-radius: 0px;; border-bottom-right-radius: 0px;; text-align: left; \" tabindex=\"-1\">\n\t\t\t\t<div class=\"wp-block-ub-tabbed-content-tab-title\"><strong>REKRUTACJA<\/strong><\/div>\n\t\t\t<\/div><div role=\"tab\" id=\"ub-tabbed-content-99ba6aed-bbc3-40d3-b577-0dbc1454fa1e-tab-4\" aria-controls=\"ub-tabbed-content-99ba6aed-bbc3-40d3-b577-0dbc1454fa1e-panel-4\" aria-selected=\"false\" class=\"wp-block-ub-tabbed-content-tab-title-vertical-wrap\" style=\"--ub-tabbed-active-title-color: inherit; --ub-tabbed-active-title-background-color: #fcd576; border-top-left-radius: 0px;; border-top-right-radius: 0px;; border-bottom-left-radius: 0px;; border-bottom-right-radius: 0px;; text-align: left; \" tabindex=\"-1\">\n\t\t\t\t<div class=\"wp-block-ub-tabbed-content-tab-title\"><strong>ZAPYTANIA OFERTOWE<\/strong><\/div>\n\t\t\t<\/div><div role=\"tab\" id=\"ub-tabbed-content-99ba6aed-bbc3-40d3-b577-0dbc1454fa1e-tab-5\" aria-controls=\"ub-tabbed-content-99ba6aed-bbc3-40d3-b577-0dbc1454fa1e-panel-5\" aria-selected=\"false\" class=\"wp-block-ub-tabbed-content-tab-title-vertical-wrap\" style=\"--ub-tabbed-active-title-color: inherit; --ub-tabbed-active-title-background-color: #fcd576; border-top-left-radius: 0px;; border-top-right-radius: 0px;; border-bottom-left-radius: 0px;; border-bottom-right-radius: 0px;; text-align: left; \" tabindex=\"-1\">\n\t\t\t\t<div class=\"wp-block-ub-tabbed-content-tab-title\"><strong>HARMONOGRAM<\/strong><\/div>\n\t\t\t<\/div><div role=\"tab\" id=\"ub-tabbed-content-99ba6aed-bbc3-40d3-b577-0dbc1454fa1e-tab-6\" aria-controls=\"ub-tabbed-content-99ba6aed-bbc3-40d3-b577-0dbc1454fa1e-panel-6\" aria-selected=\"false\" class=\"wp-block-ub-tabbed-content-tab-title-vertical-wrap\" style=\"--ub-tabbed-active-title-color: inherit; --ub-tabbed-active-title-background-color: #fcd576; border-top-left-radius: 0px;; border-top-right-radius: 0px;; border-bottom-left-radius: 0px;; border-bottom-right-radius: 0px;; text-align: left; \" tabindex=\"-1\">\n\t\t\t\t<div class=\"wp-block-ub-tabbed-content-tab-title\"><strong>ZESP\u00d3\u0141 PROJEKTU -KONTAKT<\/strong><\/div>\n\t\t\t<\/div><div role=\"tab\" id=\"ub-tabbed-content-99ba6aed-bbc3-40d3-b577-0dbc1454fa1e-tab-7\" aria-controls=\"ub-tabbed-content-99ba6aed-bbc3-40d3-b577-0dbc1454fa1e-panel-7\" aria-selected=\"false\" class=\"wp-block-ub-tabbed-content-tab-title-vertical-wrap\" style=\"--ub-tabbed-active-title-color: inherit; --ub-tabbed-active-title-background-color: #fcd576; border-top-left-radius: 0px;; border-top-right-radius: 0px;; border-bottom-left-radius: 0px;; border-bottom-right-radius: 0px;; text-align: left; \" tabindex=\"-1\">\n\t\t\t\t<div class=\"wp-block-ub-tabbed-content-tab-title\"><strong>NAJCZ\u0118\u015aCIEJ ZADAWANE PYTANIA<\/strong><\/div>\n\t\t\t<\/div><div role=\"tab\" id=\"ub-tabbed-content-99ba6aed-bbc3-40d3-b577-0dbc1454fa1e-tab-8\" aria-controls=\"ub-tabbed-content-99ba6aed-bbc3-40d3-b577-0dbc1454fa1e-panel-8\" aria-selected=\"false\" class=\"wp-block-ub-tabbed-content-tab-title-vertical-wrap\" style=\"--ub-tabbed-active-title-color: inherit; --ub-tabbed-active-title-background-color: #fcd576; border-top-left-radius: 0px;; border-top-right-radius: 0px;; border-bottom-left-radius: 0px;; border-bottom-right-radius: 0px;; text-align: left; \" tabindex=\"-1\">\n\t\t\t\t<div class=\"wp-block-ub-tabbed-content-tab-title\"><strong>ZG\u0141ASZANIE NIEPRAWID\u0141OWO\u015aCI<\/strong><\/div>\n\t\t\t<\/div><\/div>\n\t\t\t<\/div>\n\t\t\t<div class=\"wp-block-ub-tabbed-content-tabs-content vertical-content-width \" style=\"\"><div role=\"tabpanel\" class=\"wp-block-ub-tabbed-content-tab-content-wrap active gtfy-15\" id=\"ub-tabbed-content-99ba6aed-bbc3-40d3-b577-0dbc1454fa1e-panel-0\" aria-labelledby=\"ub-tabbed-content-99ba6aed-bbc3-40d3-b577-0dbc1454fa1e-tab-0\" tabindex=\"0\">\n\n<p class=\"gtfy-5 wp-block-paragraph\">Kursy dla diagnost\u00f3w laboratoryjnych i pozosta\u0142ych zawod\u00f3w medycznych w diagnostyce i terapii chor\u00f3b<\/p>\n\n\n\n<h4 class=\"wp-block-heading gtfy-6\">Numer projektu: FERS.01.13-IP.07-0025\/25\/2767\/2025\/493<\/h4>\n\n\n\n<p class=\"gtfy-7 wp-block-paragraph\">Projekt realizowany jest przez Krajow\u0105 Izb\u0119 Diagnost\u00f3w Laboratoryjnych w ramach programu Fundusze Europejskie dla Rozwoju Spo\u0142ecznego 2021-2027 wsp\u00f3\u0142finansowanego ze \u015brodk\u00f3w Europejskiego Funduszu Spo\u0142ecznego Plus.<\/p>\n\n\n\n<p class=\"gtfy-8 wp-block-paragraph\">O projekcie<\/p>\n\n\n\n<p class=\"gtfy-9 wp-block-paragraph\">Krajowa Izba Diagnost\u00f3w Laboratoryjnych uzyska\u0142a dotacj\u0119 z Unii Europejskiej na projekt Kursy dla diagnost\u00f3w laboratoryjnych i pozosta\u0142ych zawod\u00f3w medycznych w diagnostyce i terapii chor\u00f3b w ramach programu Fundusze Europejskie dla Rozwoju Spo\u0142ecznego 2021-2027 wsp\u00f3\u0142finansowanego ze \u015brodk\u00f3w Europejskiego Funduszu Spo\u0142ecznego Plus.<\/p>\n\n\n\n<p class=\"gtfy-10 wp-block-paragraph\">Cel projektu<\/p>\n\n\n\n<p class=\"gtfy-11 wp-block-paragraph\">Celem projektu jest podniesienie kompetencji zawodowych co najmniej 3 825 os\u00f3b w okresie trwania projektu, tj. 01.01.2026 \u2013 31.10.2028 poprzez udzia\u0142 w kursach z zakresu nowoczesnej diagnostyki, terapii, standard\u00f3w post\u0119powania oraz umiej\u0119tno\u015bci mi\u0119kkich i prawa. Cel zostanie osi\u0105gni\u0119ty poprzez organizacj\u0119 cyklu kurs\u00f3w zawodowych (seminari\u00f3w, kurs\u00f3w laboratoryjnych i online oraz kurs\u00f3w z dodatkowymi uprawnieniami) dla \u0142\u0105cznie 4 500 os\u00f3b na terenie ca\u0142ego kraju.<\/p>\n\n\n\n<p class=\"gtfy-12 wp-block-paragraph\">Grupa docelowa Projekt skierowany jest do: 1. diagnost\u00f3w laboratoryjnych posiadaj\u0105cych prawo wykonywania zawodu, 2. pozosta\u0142ej kadry medycznej pracuj\u0105cej w laboratoriach diagnostycznych, uprawnionej do wykonywania czynno\u015bci medycyny laboratoryjnej, w tym m.in.: technik\u00f3w analityki medycznej, absolwent\u00f3w kierunku analityka medyczna, os\u00f3b z wykszta\u0142ceniem wy\u017cszym (biologia, mikrobiologia, biotechnologia i kierunki pokrewne) oraz os\u00f3b posiadaj\u0105cych uprawnienia na podstawie przepis\u00f3w dotychczasowych.<\/p>\n\n\n\n<h4 class=\"wp-block-heading gtfy-13\">Ca\u0142kowita warto\u015b\u0107 projektu: 34 225 144,80 z\u0142<\/h4>\n\n\n\n<h4 class=\"wp-block-heading gtfy-14\">Wysoko\u015b\u0107 wk\u0142adu z Funduszy Europejskich: 33 198 390,46 z\u0142.<\/h4>\n\n<\/div><div role=\"tabpanel\" class=\"wp-block-ub-tabbed-content-tab-content-wrap ub-hide gtfy-90\" id=\"ub-tabbed-content-99ba6aed-bbc3-40d3-b577-0dbc1454fa1e-panel-1\" aria-labelledby=\"ub-tabbed-content-99ba6aed-bbc3-40d3-b577-0dbc1454fa1e-tab-1\" tabindex=\"0\">\n\n<p class=\"gtfy-16 wp-block-paragraph\"><strong>Zadanie nr 1: Opracowanie program\u00f3w kurs\u00f3w<\/strong><\/p>\n\n\n\n<p class=\"gtfy-17 wp-block-paragraph\">okres realizacji zadania: stycze\u0144 2026 r. \u2013 czerwiec 2026 r.<\/p>\n\n\n\n<p class=\"gtfy-18 wp-block-paragraph\">W ramach zadania planuje si\u0119:<\/p>\n\n\n\n<ul class=\"wp-block-list gtfy-22\">\n<li class=\"gtfy-19 gutenify-list-item\">zatrudnienie odpowiedniej kadry ekspert\u00f3w do opracowania program\u00f3w i skrypt\u00f3w do kurs\u00f3w;<\/li>\n\n\n\n<li class=\"gtfy-20 gutenify-list-item\">przeprowadzenie analizy potrzeb szkoleniowych i oczekiwanych kompetencji grupy docelowej projektu;<\/li>\n\n\n\n<li class=\"gtfy-21 gutenify-list-item\">opracowanie koncepcji naukowej projektu;<\/li>\n<\/ul>\n\n\n\n<p class=\"gtfy-23 wp-block-paragraph\"><strong>PRODUKTY ZADANIA<\/strong><\/p>\n\n\n\n<ul class=\"wp-block-list gtfy-31\">\n<li class=\"gtfy-24 gutenify-list-item\">35 skrypt\u00f3w udost\u0119pnianych uczestnikom szkole\u0144 przez platform\u0119 e-learningow\u0105 lub stron\u0119 internetow\u0105, z mo\u017cliwo\u015bci\u0105 pobrania na urz\u0105dzenie mobilne;<\/li>\n\n\n\n<li class=\"gtfy-30 gutenify-list-item\">35 program\u00f3w kurs\u00f3w doskonal\u0105cych, w tym:\n<ul class=\"wp-block-list gtfy-29\">\n<li class=\"gtfy-25 gutenify-list-item\">13 program\u00f3w jednodniowych seminari\u00f3w;<\/li>\n\n\n\n<li class=\"gtfy-26 gutenify-list-item\">2 programy dwudniowych kurs\u00f3w laboratoryjnych;<\/li>\n\n\n\n<li class=\"gtfy-27 gutenify-list-item\">5 program\u00f3w jednodniowych kurs\u00f3w laboratoryjnych;<\/li>\n\n\n\n<li class=\"gtfy-28 gutenify-list-item\">15 kurs\u00f3w online.<\/li>\n<\/ul>\n<\/li>\n<\/ul>\n\n\n\n<p class=\"gtfy-32 wp-block-paragraph\">Programy szkoleniowe przewidziane do realizacji w ramach projektu:<\/p>\n\n\n\n<figure class=\"wp-block-table gtfy-33\"><table class=\"has-fixed-layout\"><thead><tr><th class=\"has-text-align-center\" data-align=\"center\">\u00a0<\/th><th class=\"has-text-align-center\" data-align=\"center\">Modu\u0142<\/th><th class=\"has-text-align-center\" data-align=\"center\">Seminarium<\/th><th class=\"has-text-align-center\" data-align=\"center\">Warsztat<\/th><th class=\"has-text-align-center\" data-align=\"center\">Webinar<\/th><\/tr><\/thead><tbody><tr><td class=\"has-text-align-center\" data-align=\"center\">1.<\/td><td class=\"has-text-align-left\" data-align=\"left\">Diagnostyka laboratoryjna i molekularna nowotwor\u00f3w<\/td><td class=\"has-text-align-center\" data-align=\"center\">8h<\/td><td class=\"has-text-align-center\" data-align=\"center\">8h<\/td><td class=\"has-text-align-center\" data-align=\"center\">6h<\/td><\/tr><tr><td class=\"has-text-align-center\" data-align=\"center\">2.<\/td><td class=\"has-text-align-left\" data-align=\"left\">Genetyka<\/td><td class=\"has-text-align-center\" data-align=\"center\">8h<\/td><td class=\"has-text-align-center\" data-align=\"center\">\u00a0<\/td><td class=\"has-text-align-center\" data-align=\"center\">\u00a0<\/td><\/tr><tr><td class=\"has-text-align-center\" data-align=\"center\">3.<\/td><td class=\"has-text-align-left\" data-align=\"left\">Diagnostyka pediatryczna<\/td><td class=\"has-text-align-center\" data-align=\"center\">8h<\/td><td class=\"has-text-align-center\" data-align=\"center\">\u00a0<\/td><td class=\"has-text-align-center\" data-align=\"center\">6h<\/td><\/tr><tr><td class=\"has-text-align-center\" data-align=\"center\">4.<\/td><td class=\"has-text-align-left\" data-align=\"left\">Mikrobiologia<\/td><td class=\"has-text-align-center\" data-align=\"center\">8h<\/td><td class=\"has-text-align-center\" data-align=\"center\">\u00a0<\/td><td class=\"has-text-align-center\" data-align=\"center\">6h<\/td><\/tr><tr><td class=\"has-text-align-center\" data-align=\"center\">5.<\/td><td class=\"has-text-align-left\" data-align=\"left\">Cytomorfologia medyczna<\/td><td class=\"has-text-align-center\" data-align=\"center\">8h<\/td><td class=\"has-text-align-center\" data-align=\"center\">8h<\/td><td class=\"has-text-align-center\" data-align=\"center\">\u00a0<\/td><\/tr><tr><td class=\"has-text-align-center\" data-align=\"center\">6.<\/td><td class=\"has-text-align-left\" data-align=\"left\">Toksykologia<\/td><td class=\"has-text-align-center\" data-align=\"center\">8h<\/td><td class=\"has-text-align-center\" data-align=\"center\">8h<\/td><td class=\"has-text-align-center\" data-align=\"center\">6h<\/td><\/tr><tr><td class=\"has-text-align-center\" data-align=\"center\">7.<\/td><td class=\"has-text-align-left\" data-align=\"left\">Parazytologia<\/td><td class=\"has-text-align-center\" data-align=\"center\">8h<\/td><td class=\"has-text-align-center\" data-align=\"center\">16h<\/td><td class=\"has-text-align-center\" data-align=\"center\">\u00a0<\/td><\/tr><tr><td class=\"has-text-align-center\" data-align=\"center\">8.<\/td><td class=\"has-text-align-left\" data-align=\"left\">Hematologia<\/td><td class=\"has-text-align-center\" data-align=\"center\">8h<\/td><td class=\"has-text-align-center\" data-align=\"center\">8h<\/td><td class=\"has-text-align-center\" data-align=\"center\">6h<\/td><\/tr><tr><td class=\"has-text-align-center\" data-align=\"center\">9.<\/td><td class=\"has-text-align-left\" data-align=\"left\">Genetyka w pediatrii<\/td><td class=\"has-text-align-center\" data-align=\"center\">8h<\/td><td class=\"has-text-align-center\" data-align=\"center\">\u00a0<\/td><td class=\"has-text-align-center\" data-align=\"center\">6h<\/td><\/tr><tr><td class=\"has-text-align-center\" data-align=\"center\">10.<\/td><td class=\"has-text-align-left\" data-align=\"left\">POCT<\/td><td class=\"has-text-align-center\" data-align=\"center\">8h<\/td><td class=\"has-text-align-center\" data-align=\"center\">\u00a0<\/td><td class=\"has-text-align-center\" data-align=\"center\">\u00a0<\/td><\/tr><tr><td class=\"has-text-align-center\" data-align=\"center\">11.<\/td><td class=\"has-text-align-left\" data-align=\"left\">Komunikacja z pacjentem<\/td><td class=\"has-text-align-center\" data-align=\"center\">8h<\/td><td class=\"has-text-align-center\" data-align=\"center\">\u00a0<\/td><td class=\"has-text-align-center\" data-align=\"center\">6h<\/td><\/tr><tr><td class=\"has-text-align-center\" data-align=\"center\">12.<\/td><td class=\"has-text-align-left\" data-align=\"left\">Zarz\u0105dzanie czasem i zasobami<\/td><td class=\"has-text-align-center\" data-align=\"center\">8h<\/td><td class=\"has-text-align-center\" data-align=\"center\">\u00a0<\/td><td class=\"has-text-align-center\" data-align=\"center\">6h<\/td><\/tr><tr><td class=\"has-text-align-center\" data-align=\"center\">13.<\/td><td class=\"has-text-align-left\" data-align=\"left\">Metody radzenia sobie ze stresem<\/td><td class=\"has-text-align-center\" data-align=\"center\">8h<\/td><td class=\"has-text-align-center\" data-align=\"center\">\u00a0<\/td><td class=\"has-text-align-center\" data-align=\"center\">6h<\/td><\/tr><tr><td class=\"has-text-align-center\" data-align=\"center\">14.<\/td><td class=\"has-text-align-left\" data-align=\"left\">Immunologia<\/td><td class=\"has-text-align-center\" data-align=\"center\">\u00a0<\/td><td class=\"has-text-align-center\" data-align=\"center\">8h<\/td><td class=\"has-text-align-center\" data-align=\"center\">6h<\/td><\/tr><tr><td class=\"has-text-align-center\" data-align=\"center\">15.<\/td><td class=\"has-text-align-left\" data-align=\"left\">Immunologia cz. 2<\/td><td class=\"has-text-align-center\" data-align=\"center\">\u00a0<\/td><td class=\"has-text-align-center\" data-align=\"center\">\u00a0<\/td><td class=\"has-text-align-center\" data-align=\"center\">6h<\/td><\/tr><tr><td class=\"has-text-align-center\" data-align=\"center\">16.<\/td><td class=\"has-text-align-left\" data-align=\"left\">Zdrowie kobiety<\/td><td class=\"has-text-align-center\" data-align=\"center\">\u00a0<\/td><td class=\"has-text-align-center\" data-align=\"center\">16h<\/td><td class=\"has-text-align-center\" data-align=\"center\">6h<\/td><\/tr><tr><td class=\"has-text-align-center\" data-align=\"center\">17.<\/td><td class=\"has-text-align-left\" data-align=\"left\">Prawo<\/td><td class=\"has-text-align-center\" data-align=\"center\">\u00a0<\/td><td class=\"has-text-align-center\" data-align=\"center\">\u00a0<\/td><td class=\"has-text-align-center\" data-align=\"center\">6h<\/td><\/tr><tr><td class=\"has-text-align-center\" data-align=\"center\">18.<\/td><td class=\"has-text-align-left\" data-align=\"left\">Endokrynologia<\/td><td class=\"has-text-align-center\" data-align=\"center\">\u00a0<\/td><td class=\"has-text-align-center\" data-align=\"center\">\u00a0<\/td><td class=\"has-text-align-center\" data-align=\"center\">6h<\/td><\/tr><tr><td class=\"has-text-align-center\" data-align=\"center\">19.<\/td><td class=\"has-text-align-left\" data-align=\"left\">Edukacja zdrowotna<\/td><td class=\"has-text-align-center\" data-align=\"center\">\u00a0<\/td><td class=\"has-text-align-center\" data-align=\"center\">\u00a0<\/td><td class=\"has-text-align-center\" data-align=\"center\">6h<\/td><\/tr><\/tbody><\/table><\/figure>\n\n\n\n<p class=\"gtfy-34 wp-block-paragraph\"><strong>Zadanie nr 2: Organizacja i realizacja kurs\u00f3w w formie seminari\u00f3w.<\/strong><\/p>\n\n\n\n<p class=\"gtfy-35 wp-block-paragraph\">okres realizacji zadania: marzec 2026r. \u2013 pa\u017adziernik 2028 r.<\/p>\n\n\n\n<p class=\"gtfy-36 wp-block-paragraph\">okres realizacji samych kurs\u00f3w: lipiec\/sierpie\u0144 2026 \u2013 wrzesie\u0144 2028<\/p>\n\n\n\n<p class=\"gtfy-37 wp-block-paragraph\">nab\u00f3r na kursy: od maja 2026 r. prowadzony w spos\u00f3b ci\u0105g\u0142y<\/p>\n\n\n\n<p class=\"gtfy-38 wp-block-paragraph\"><strong>PRODUKTY ZADANIA<\/strong><\/p>\n\n\n\n<p class=\"gtfy-39 wp-block-paragraph\">realizacja 540 kurs\u00f3w doskonal\u0105cych dla 13 500 os\u00f3b, w tym z za\u0142o\u017cenia 4 500 niepowtarzaj\u0105cych si\u0119 os\u00f3b, zgodnie z za\u0142o\u017ceniami ramowymi:<\/p>\n\n\n\n<ul class=\"wp-block-list gtfy-46\">\n<li class=\"gtfy-40 gutenify-list-item\">ka\u017cdy kurs obejmie 8 godzin dydaktycznych \u2013 1 dzie\u0144 szkoleniowy;<\/li>\n\n\n\n<li class=\"gtfy-41 gutenify-list-item\">zakres tematyczny zgodny z programami kurs\u00f3w opracowanymi przez zespo\u0142y ekspert\u00f3w w zadaniu 1;<\/li>\n\n\n\n<li class=\"gtfy-42 gutenify-list-item\">\u015brednia liczebno\u015b\u0107 grup szkoleniowych wyniesie 25 os\u00f3b;<\/li>\n\n\n\n<li class=\"gtfy-43 gutenify-list-item\">forma kursu \u2013 100% kurs\u00f3w w formie stacjonarnej;<\/li>\n\n\n\n<li class=\"gtfy-44 gutenify-list-item\">realizatorami kurs\u00f3w b\u0119dzie Krajowa Izba Diagnost\u00f3w Laboratoryjnych (poprzez zatrudnion\u0105 kadr\u0119 wyk\u0142adowc\u00f3w) oraz zewn\u0119trzne podmioty wy\u0142onione w trybie ustawy PZP;<\/li>\n\n\n\n<li class=\"gtfy-45 gutenify-list-item\">realizatorzy kurs\u00f3w zapewni\u0105 sale szkoleniowe, catering, materia\u0142y dydaktyczne i szkoleniowe oraz zwrot koszt\u00f3w dojazd\u00f3w.<\/li>\n<\/ul>\n\n\n\n<p class=\"gtfy-47 wp-block-paragraph\"><strong>Zadanie nr 3: Organizacja kurs\u00f3w warsztatowych jedno i dwudniowych.<\/strong><\/p>\n\n\n\n<p class=\"gtfy-48 wp-block-paragraph\">okres realizacji zadania: marzec 2026 r. \u2013 pa\u017adziernik 2028 r.<\/p>\n\n\n\n<p class=\"gtfy-49 wp-block-paragraph\">okres realizacji samych kurs\u00f3w: lipiec\/sierpie\u0144 2026 \u2013 pa\u017adziernik 2028<\/p>\n\n\n\n<p class=\"gtfy-50 wp-block-paragraph\">nab\u00f3r na kursy: od maja 2026 r. prowadzony w spos\u00f3b ci\u0105g\u0142y<\/p>\n\n\n\n<p class=\"gtfy-51 wp-block-paragraph\"><strong>PRODUKTY ZADANIA<\/strong><\/p>\n\n\n\n<p class=\"gtfy-52 wp-block-paragraph\">realizacja 960 kurs\u00f3w praktycznych, dwu i jednodniowych (4 500 miejsc na kursach dwudniowych i 4 500 miejsc na kursach jednodniowych), zgodnie z za\u0142o\u017ceniami ramowymi:<\/p>\n\n\n\n<ul class=\"wp-block-list gtfy-60\">\n<li class=\"gtfy-53 gutenify-list-item\">ka\u017cdy kurs dwudniowy obejmie 16 godzin dydaktycznych \u2013 2 dni szkoleniowe;<\/li>\n\n\n\n<li class=\"gtfy-54 gutenify-list-item\">ka\u017cdy kurs jednodniowy obejmie 8 godzin dydaktycznych \u2013 1 dzie\u0144 szkoleniowy;<\/li>\n\n\n\n<li class=\"gtfy-55 gutenify-list-item\">zakres tematyczny zgodny z programami kurs\u00f3w opracowanymi przez zespo\u0142y ekspert\u00f3w w zadaniu 1;<\/li>\n\n\n\n<li class=\"gtfy-56 gutenify-list-item\">\u015brednia liczebno\u015b\u0107 grup szkoleniowych wyniesie 7-10 os\u00f3b;<\/li>\n\n\n\n<li class=\"gtfy-57 gutenify-list-item\">forma kursu \u2013 100% kurs\u00f3w stacjonarnych;<\/li>\n\n\n\n<li class=\"gtfy-58 gutenify-list-item\">realizatorami kurs\u00f3w b\u0119dzie Krajowa Izba Diagnost\u00f3w Laboratoryjnych oraz zewn\u0119trzne podmioty wy\u0142onione w trybie ustawy PZP;<\/li>\n\n\n\n<li class=\"gtfy-59 gutenify-list-item\">realizatorzy kurs\u00f3w zapewni\u0105 noclegi (w przypadku kurs\u00f3w dwudniowych), sale laboratoryjne, catering, materia\u0142y dydaktyczne i szkoleniowe oraz zwrot koszt\u00f3w dojazd\u00f3w.<\/li>\n<\/ul>\n\n\n\n<p class=\"gtfy-61 wp-block-paragraph\"><strong>Zadanie nr 4: Organizacja kurs\u00f3w online.<\/strong><\/p>\n\n\n\n<p class=\"gtfy-62 wp-block-paragraph\">okres realizacji zadania: marzec 2026 r. \u2013 pa\u017adziernik 2028 r.<\/p>\n\n\n\n<p class=\"gtfy-63 wp-block-paragraph\">okres realizacji samych kurs\u00f3w: lipiec\/sierpie\u0144 2026 \u2013 pa\u017adziernik 2028<\/p>\n\n\n\n<p class=\"gtfy-64 wp-block-paragraph\">nab\u00f3r na kursy: od maja 2026 r. prowadzony w spos\u00f3b ci\u0105g\u0142y<\/p>\n\n\n\n<p class=\"gtfy-65 wp-block-paragraph\"><strong>PRODUKTY ZADANIA<\/strong><\/p>\n\n\n\n<ul class=\"wp-block-list gtfy-74\">\n<li class=\"gtfy-66 gutenify-list-item\">nagranie 15 kurs\u00f3w doskonal\u0105cych w formule online przez zewn\u0119trzne podmioty wy\u0142onione w trybie ustawy PZP;<\/li>\n\n\n\n<li class=\"gtfy-73 gutenify-list-item\">realizacja 15 kurs\u00f3w doskonal\u0105cych w formule online dla minimum 1 500 os\u00f3b, zgodnie z za\u0142o\u017ceniami ramowymi:\n<ul class=\"wp-block-list gtfy-72\">\n<li class=\"gtfy-67 gutenify-list-item\">ka\u017cdy kurs w formule online obejmie 6 godzin dydaktycznych;<\/li>\n\n\n\n<li class=\"gtfy-68 gutenify-list-item\">zakres tematyczny zgodny z programami kurs\u00f3w opracowanymi przez zespo\u0142y ekspert\u00f3w w zadaniu 1;<\/li>\n\n\n\n<li class=\"gtfy-69 gutenify-list-item\">ka\u017cdy kurs realizowany indywidualnie przez uczestnik\u00f3w w okresie ok. 4 m-cy od momentu przyznania login\u00f3w do platformy szkoleniowej;<\/li>\n\n\n\n<li class=\"gtfy-70 gutenify-list-item\">forma kursu \u2013100% w formie e-learningowej;<\/li>\n\n\n\n<li class=\"gtfy-71 gutenify-list-item\">kursy realizowane b\u0119d\u0105 z wykorzystaniem platformy szkoleniowej zapewniaj\u0105cej ca\u0142odobowy dost\u0119p do kurs\u00f3w, przez ca\u0142y czas trwania zadania, wraz z materia\u0142ami i skryptami w formie materia\u0142\u00f3w cyfrowych.<\/li>\n<\/ul>\n<\/li>\n<\/ul>\n\n\n\n<p class=\"gtfy-75 wp-block-paragraph\"><strong>Zadanie nr 5: Kursy serologiczne z uprawnieniami<\/strong><\/p>\n\n\n\n<p class=\"gtfy-76 wp-block-paragraph\">okres realizacji zadania: maj 2026 r. \u2013 pa\u017adziernik 2028 r.<\/p>\n\n\n\n<p class=\"gtfy-77 wp-block-paragraph\">okres realizacji samych kurs\u00f3w: lipiec\/sierpie\u0144 2026 \u2013 wrzesie\u0144 2028<\/p>\n\n\n\n<p class=\"gtfy-78 wp-block-paragraph\">nab\u00f3r na kursy: od maja 2026 r. prowadzony w spos\u00f3b ci\u0105g\u0142y<\/p>\n\n\n\n<p class=\"gtfy-79 wp-block-paragraph\"><strong>PRODUKTY ZADANIA<\/strong><\/p>\n\n\n\n<ul class=\"wp-block-list gtfy-89\">\n<li class=\"gtfy-88 gutenify-list-item\">realizacja kurs\u00f3w doskonal\u0105cych dla 300 os\u00f3b, zgodnie z za\u0142o\u017ceniami ramowymi:\n<ul class=\"wp-block-list gtfy-87\">\n<li class=\"gtfy-80 gutenify-list-item\">ka\u017cdy kurs obejmie 60 godzin dydaktycznych \u2013 10 dni szkoleniowych;<\/li>\n\n\n\n<li class=\"gtfy-81 gutenify-list-item\">warunkiem zaliczenia szkolenia i uzyskania uprawnie\u0144 jest: poprawne napisanie testu zaliczaj\u0105cego (70%) oraz prawid\u0142owe wykonanie bada\u0144 zadanych na egzaminie praktycznym poparte wydaniem wyniku z interpretacj\u0105 uzyskanych wynik\u00f3w (100%);<\/li>\n\n\n\n<li class=\"gtfy-82 gutenify-list-item\">\u015brednia liczebno\u015b\u0107 grup szkoleniowych wyniesie 1-4 os\u00f3b;<\/li>\n\n\n\n<li class=\"gtfy-83 gutenify-list-item\">forma kursu \u2013 100% kurs\u00f3w stacjonarnych;<\/li>\n\n\n\n<li class=\"gtfy-84 gutenify-list-item\">realizatorami kurs\u00f3w b\u0119d\u0105 podmioty zewn\u0119trzne wy\u0142onione w trybie ustawy PZP;<\/li>\n\n\n\n<li class=\"gtfy-85 gutenify-list-item\">realizatorzy kurs\u00f3w zapewni\u0105 catering oraz materia\u0142y szkoleniowe dla uczestnik\u00f3w;<\/li>\n\n\n\n<li class=\"gtfy-86 gutenify-list-item\">nabycie uprawnie\u0144 do samodzielnego wykonywania bada\u0144 immunohematologicznych i autoryzacji wynik\u00f3w bada\u0144 potwierdzone za\u015bwiadczeniem dla lekarzy\/lekarek oraz diagnost\u00f3w\/diagnostek laboratoryjnych lub do samodzielnego wykonywania bada\u0144 immunohematologicznych dla technik\u00f3w analityki medycznej przez min. 255 os\u00f3b.<\/li>\n<\/ul>\n<\/li>\n<\/ul>\n\n<\/div><div role=\"tabpanel\" class=\"wp-block-ub-tabbed-content-tab-content-wrap ub-hide gtfy-120\" id=\"ub-tabbed-content-99ba6aed-bbc3-40d3-b577-0dbc1454fa1e-panel-2\" aria-labelledby=\"ub-tabbed-content-99ba6aed-bbc3-40d3-b577-0dbc1454fa1e-tab-2\" tabindex=\"0\">\n\n<p class=\"gtfy-91 wp-block-paragraph\">KRAJOWA IZBA DIAGNOST\u00d3W LABORATORYJNYCH ma zaszczyt zaprosi\u0107 Pa\u0144stwa do udzia\u0142u w bezp\u0142atnych kursach podnosz\u0105cych kwalifikacje zawodowe, realizowanych w ramach projektu: \u201eKursy dla diagnost\u00f3w laboratoryjnych i pozosta\u0142ych zawod\u00f3w medycznych w diagnostyce i terapii chor\u00f3b\u201d, Nr umowy: FERS.01.13-IP.07-0025\/25\/2767\/2025\/493 (dalej: Projekt). Projekt jest realizowany w ramach programu Fundusze Europejskie dla Rozwoju Spo\u0142ecznego 2021\u20132027, wsp\u00f3\u0142finansowanego ze \u015brodk\u00f3w Europejskiego Funduszu Spo\u0142ecznego Plus. Celem Projektu jest podniesienie kompetencji zawodowych co najmniej 3 825 os\u00f3b w okresie jego realizacji, tj. od 01.01.2026 r. do 31.10.2028 r., poprzez udzia\u0142 w kursach organizowanych na terenie ca\u0142ego kraju. W ramach Projektu uczestnicy i uczestniczki mog\u0105 wybiera\u0107 spo\u015br\u00f3d bezp\u0142atnych seminari\u00f3w, warsztat\u00f3w praktycznych oraz webinari\u00f3w, kt\u00f3rych zestawienie przedstawiono w poni\u017cszej tabeli.<\/p>\n\n\n\n<figure class=\"wp-block-image aligncenter gtfy-92\"><img decoding=\"async\" src=\"https:\/\/adm.kidl.org.pl\/get-thumbnail?name=15130&amp;w=1100&amp;h=700&amp;q=92\" alt=\"\"><\/figure>\n\n\n\n<p class=\"gtfy-93 wp-block-paragraph\">Oferta szkoleniowa<\/p>\n\n\n\n<p class=\"gtfy-94 wp-block-paragraph\">Uczestnicy Projektu b\u0119d\u0105 mogli wzi\u0105\u0107 udzia\u0142 w r\u00f3\u017cnorodnych formach kszta\u0142cenia, w tym: seminariach, warsztatach praktycznych, webinarach.<\/p>\n\n\n\n<p class=\"gtfy-95 wp-block-paragraph\">W ramach projektu zapewniamy: materia\u0142y dydaktyczne i szkoleniowe, przerwy kawowe oraz pocz\u0119stunek, noclegi (w przypadku szkole\u0144 dwudniowych odbywaj\u0105cych si\u0119 poza miejscem zamieszkania), zwrot koszt\u00f3w dojazdu.<\/p>\n\n\n\n<p class=\"gtfy-96 wp-block-paragraph\">Grupa docelowa<\/p>\n\n\n\n<p class=\"gtfy-97 wp-block-paragraph\">W projekcie mog\u0105 wzi\u0105\u0107 udzia\u0142:<\/p>\n\n\n\n<p class=\"gtfy-98 wp-block-paragraph\">1) diagno\u015bci laboratoryjni &#8211; osoby posiadaj\u0105ce prawo wykonywania zawodu diagnosty laboratoryjnego, zgodnie z ustaw\u0105 z dnia 15 wrze\u015bnia 2022 r. o medycynie laboratoryjnej (Dz.U. z 2023 r. poz. 2125) oraz osoby o kt\u00f3rych mowa w art. 155 ust. 1 ww. ustawy,<\/p>\n\n\n\n<p class=\"gtfy-99 wp-block-paragraph\">2) pozosta\u0142a kadra pracuj\u0105ca w medycznych laboratoriach diagnostycznych &#8211; osoby pracuj\u0105ce w medycznych laboratoriach diagnostycznych oraz uprawnione do wykonywania czynno\u015bci medycyny laboratoryjnej, o kt\u00f3rych mowa w art. 5 ust. 1 ustawy z dnia 15 wrze\u015bnia 2022 r. o medycynie laboratoryjnej (Dz.U. z 2023 r. poz. 2125) oraz osoby o kt\u00f3rych mowa w art. 155 ust. 2 ww. ustawy. Osob\u0105 uprawnion\u0105 do wykonywania czynno\u015bci medycyny laboratoryjnej w laboratorium jest:<\/p>\n\n\n\n<p class=\"gtfy-100 wp-block-paragraph\">a) osoba, kt\u00f3ra posiada tytu\u0142 zawodowy technika analityki medycznej,<\/p>\n\n\n\n<p class=\"gtfy-101 wp-block-paragraph\">b) tytu\u0142 zawodowy licencjata uzyskany na kierunku analityka medyczna,<\/p>\n\n\n\n<p class=\"gtfy-102 wp-block-paragraph\">c) osoba, kt\u00f3ra uko\u0144czy\u0142a jednolite studia magisterskie lub studia pierwszego i drugiego stopnia w zakresie: biologii, biologii medycznej, mikrobiologii lub mikrobiologii medycznej i uzyska\u0142a tytu\u0142 zawodowy magistra lub biotechnologii lub biotechnologii medycznej i uzyska\u0142a tytu\u0142 zawodowy magistra lub magistra in\u017cyniera,<\/p>\n\n\n\n<p class=\"gtfy-103 wp-block-paragraph\">d) osoba, kt\u00f3ra na podstawie przepis\u00f3w dotychczasowych by\u0142a uprawniona do wykonywania okre\u015blonych czynno\u015bci diagnostyki laboratoryjnej.<\/p>\n\n\n\n<p class=\"gtfy-104 wp-block-paragraph\">Zapraszamy diagnost\u00f3w laboratoryjnych oraz osoby pracuj\u0105ce w medycznych laboratoriach diagnostycznych do udzia\u0142u w bezp\u0142atnych formach kszta\u0142cenia. Aby wzi\u0105\u0107 udzia\u0142 w projekcie, nale\u017cy wype\u0142ni\u0107 formularz zg\u0142oszeniowy oraz z\u0142o\u017cy\u0107 wymagane dokumenty rekrutacyjne.<\/p>\n\n\n\n<p class=\"gtfy-105 wp-block-paragraph\">\ud83d\udccc Liczba miejsc jest ograniczona \u2013 decyduje kolejno\u015b\u0107 zg\u0142osze\u0144 oraz spe\u0142nienie kryteri\u00f3w udzia\u0142u.<\/p>\n\n\n\n<p class=\"gtfy-106 wp-block-paragraph\">Wype\u0142niony i podpisany formularz mo\u017cna dostarczy\u0107:<\/p>\n\n\n\n<p class=\"gtfy-107 wp-block-paragraph\">1) Wersja papierowa na adres: KIDL, ul. Konopacka 4, 03-428 Warszawa z dopiskiem Biuro Projektu lub<\/p>\n\n\n\n<p class=\"gtfy-108 wp-block-paragraph\">2) Wersja elektroniczna (jako jeden plik pdf) podpisana podpisem kwalifikowalnym lub profilem zaufanym (https:\/\/www.gov.pl\/web\/gov\/podpisz-dokument-elektronicznie-wykorzystaj-podpis-zaufany) na adres e-mail: biuro.projekt@kidl.org.pl<\/p>\n\n\n\n<p class=\"gtfy-109 wp-block-paragraph\">W przypadku pozosta\u0142ej kadry pracuj\u0105cej w medycznym laboratorium diagnostycznym &#8211; prosimy o do\u0142\u0105czenie do formularza:<\/p>\n\n\n\n<p class=\"gtfy-110 wp-block-paragraph\">1) kopii lub skanu dokumentu potwierdzaj\u0105cego prac\u0119 w medycznym laboratorium diagnostycznym oraz<\/p>\n\n\n\n<p class=\"gtfy-111 wp-block-paragraph\">2) kopii lub skanu dokumentu uprawniaj\u0105cego do wykonywania czynno\u015bci medycyny laboratoryjnej, o kt\u00f3rych mowa w art. 5 ust. 1 ustawy z dnia 15 wrze\u015bnia 2022 r. o medycynie laboratoryjnej.<\/p>\n\n\n\n<p class=\"gtfy-112 wp-block-paragraph\">Szczeg\u00f3\u0142owe informacje, regulamin oraz dokumenty rekrutacyjne dost\u0119pne s\u0105 poni\u017cej.<\/p>\n\n\n\n<p class=\"gtfy-113 wp-block-paragraph\"><a href=\"https:\/\/kidl.org.pl\/file\/file\/download?id=15302\">Film instrukta\u017cowy<\/a><\/p>\n\n\n\n<p class=\"gtfy-114 wp-block-paragraph\">Pliki do pobrania:<\/p>\n\n\n\n<p class=\"gtfy-115 wp-block-paragraph\"><a href=\"https:\/\/kidl.org.pl\/file\/file\/download?id=15295\">Formularz zg\u0142oszenia pdf<\/a><\/p>\n\n\n\n<p class=\"gtfy-116 wp-block-paragraph\"><a href=\"https:\/\/kidl.org.pl\/file\/file\/download?id=15296\">Formularz zg\u0142oszenia word<\/a><\/p>\n\n\n\n<p class=\"gtfy-117 wp-block-paragraph\"><a href=\"https:\/\/kidl.org.pl\/file\/file\/download?id=15132\">Klauzule informacyjne<\/a><\/p>\n\n\n\n<p class=\"gtfy-118 wp-block-paragraph\"><a href=\"https:\/\/kidl.org.pl\/file\/file\/download?id=15206\">Warunki uczestnictwa<\/a><\/p>\n\n\n\n<p class=\"gtfy-119 wp-block-paragraph\"><\/p>\n\n<\/div><div role=\"tabpanel\" class=\"wp-block-ub-tabbed-content-tab-content-wrap ub-hide gtfy-122\" id=\"ub-tabbed-content-99ba6aed-bbc3-40d3-b577-0dbc1454fa1e-panel-3\" aria-labelledby=\"ub-tabbed-content-99ba6aed-bbc3-40d3-b577-0dbc1454fa1e-tab-3\" tabindex=\"0\">\n\n<p class=\"gtfy-121 wp-block-paragraph\"><\/p>\n\n<\/div><div role=\"tabpanel\" class=\"wp-block-ub-tabbed-content-tab-content-wrap ub-hide gtfy-148\" id=\"ub-tabbed-content-99ba6aed-bbc3-40d3-b577-0dbc1454fa1e-panel-4\" aria-labelledby=\"ub-tabbed-content-99ba6aed-bbc3-40d3-b577-0dbc1454fa1e-tab-4\" tabindex=\"0\">\n\n<ul class=\"wp-block-list gtfy-131\">\n<li class=\"gtfy-123 gutenify-list-item\"><a href=\"https:\/\/bazakonkurencyjnosci.funduszeeuropejskie.gov.pl\/ogloszenia\/289615?sekcja=ogloszenie\">Zapytanie ofertowe ZO\/KIDL\/FERS\/01A\/2026<\/a><\/li>\n\n\n\n<li class=\"gtfy-124 gutenify-list-item\"><a href=\"https:\/\/bazakonkurencyjnosci.funduszeeuropejskie.gov.pl\/ogloszenia\/288608?sekcja=ogloszenie\">Post\u0119powanie nr ZO\/KIDL\/FERS\/04\/2026<\/a><\/li>\n\n\n\n<li class=\"gtfy-125 gutenify-list-item\"><a href=\"https:\/\/bazakonkurencyjnosci.funduszeeuropejskie.gov.pl\/ogloszenia\/287862?sekcja=ogloszenie\">Zapytanie ofertowe nr 2026-121678-287862<\/a><\/li>\n\n\n\n<li class=\"gtfy-126 gutenify-list-item\"><a href=\"https:\/\/bazakonkurencyjnosci.funduszeeuropejskie.gov.pl\/ogloszenia\/285485?sekcja=ogloszenie\">Zapytanie ofertowe nr 2026-121678-285485<\/a>\u00a0<em>Po terminie sk\u0142adania<\/em><\/li>\n\n\n\n<li class=\"gtfy-127 gutenify-list-item\"><a href=\"https:\/\/kidl.org.pl\/adverts\/view?id=9404\">Zapytanie ofertowe nr 1\/2026<\/a>\u00a0<em>Po terminie sk\u0142adania<\/em><\/li>\n\n\n\n<li class=\"gtfy-128 gutenify-list-item\"><a href=\"https:\/\/kidl.org.pl\/adverts\/view?id=9448\">Zapytanie ofertowe nr 2\/2026<\/a>\u00a0<em>Po terminie sk\u0142adania<\/em><\/li>\n\n\n\n<li class=\"gtfy-129 gutenify-list-item\"><a href=\"https:\/\/bazakonkurencyjnosci.funduszeeuropejskie.gov.pl\/ogloszenia\/277745\">ZAPYTANIE OFERTOWE &#8211; ZO\/KIDL\/FERS\/01\/2026 &#8211; opracowanie 35 program\u00f3w kurs\u00f3w szkoleniowych wraz ze skryptami szkoleniowymi<\/a>\u00a0<em>Po terminie sk\u0142adania<\/em><\/li>\n\n\n\n<li class=\"gtfy-130 gutenify-list-item\"><a href=\"https:\/\/bazakonkurencyjnosci.funduszeeuropejskie.gov.pl\/ogloszenia\/280534\">Zapytanie ofertowe nr ZO\/KIDL\/FERS\/02\/2026: Dostawa materia\u0142\u00f3w szkoleniowych dla uczestnik\u00f3w projektu (komplety)<\/a>\u00a0<em>Po terminie sk\u0142adania<\/em><\/li>\n<\/ul>\n\n\n\n<p class=\"gtfy-132 wp-block-paragraph\"><strong>OFERTY PRACY LATA 2026 &#8211; 2028<\/strong><\/p>\n\n\n\n<p class=\"gtfy-133 wp-block-paragraph\"><a href=\"https:\/\/kidl.org.pl\/file\/file\/download?id=15220\">Ekspert\/Ekspertka ds. ewaluacji merytorycznej uczestnik\u00f3w projektu w ramach Projektu \u201eKursy dla diagnost\u00f3w laboratoryjnych i pozosta\u0142ych zawod\u00f3w medycznych w diagnostyce i terapii chor\u00f3b\u201d realizowany w ramach programu Fundusze Europejskie dla Rozwoju Spo\u0142ecznego 2021-2027, wsp\u00f3\u0142finansowany ze \u015brodk\u00f3w Europejskiego Funduszu Spo\u0142ecznego Plus, nr umowy: FERS.01.13-IP.07-0025\/25\/2767\/2025\/493<\/a>\u00a0<strong>2 STANOWISKA PRACY<\/strong><\/p>\n\n\n\n<p class=\"gtfy-134 wp-block-paragraph\"><a href=\"https:\/\/kidl.org.pl\/file\/file\/download?id=15221\">Ekspert\/Ekspertka ds. moderowania kurs\u00f3w online w ramach Projektu \u201eKursy dla diagnost\u00f3w laboratoryjnych i pozosta\u0142ych zawod\u00f3w medycznych w diagnostyce i terapii chor\u00f3b\u201d realizowany w ramach programu Fundusze Europejskie dla Rozwoju Spo\u0142ecznego 2021-2027, wsp\u00f3\u0142finansowany ze \u015brodk\u00f3w Europejskiego Funduszu Spo\u0142ecznego Plus, nr umowy: FERS.01.13-IP.07-0025\/25\/2767\/2025\/493<\/a>\u00a0<strong>1 STANOWISKO PRACY<\/strong><\/p>\n\n\n\n<p class=\"gtfy-135 wp-block-paragraph\"><a href=\"https:\/\/kidl.org.pl\/file\/file\/download?id=15048\">Za\u0142\u0105cznik &#8211; Klauzula informacyjna RODO<\/a><\/p>\n\n\n\n<hr class=\"wp-block-separator has-alpha-channel-opacity gtfy-136\">\n\n\n\n<p class=\"gtfy-137 wp-block-paragraph\"><strong>ARCHIWALNE OFERTY PRACY:<\/strong><\/p>\n\n\n\n<ol class=\"wp-block-list gtfy-147\">\n<li class=\"gtfy-138 gutenify-list-item\"><a href=\"https:\/\/kidl.org.pl\/file\/file\/download?id=14990\">Ekspert\/Ekspertka ds. ewaluacji merytorycznej uczestnik\u00f3w projektu w ramach Projektu \u201eKursy dla diagnost\u00f3w laboratoryjnych i pozosta\u0142ych zawod\u00f3w medycznych w diagnostyce i terapii chor\u00f3b\u201d realizowany w ramach programu Fundusze Europejskie dla Rozwoju Spo\u0142ecznego 2021-2027, wsp\u00f3\u0142finansowany ze \u015brodk\u00f3w Europejskiego Funduszu Spo\u0142ecznego Plus, nr umowy: FERS.01.13-IP.07-0025\/25\/2767\/2025\/493<\/a>\u00a0<strong>2 STANOWISKA PRACY<\/strong><\/li>\n\n\n\n<li class=\"gtfy-139 gutenify-list-item\"><a href=\"https:\/\/kidl.org.pl\/file\/file\/download?id=14991\">Koordynator\/Koordynatorka naukowi projektu w poszczeg\u00f3lnych regionach Polski (od 01.03-30.06.2026 1\/3 etatu od 01.07.2026 zwi\u0119kszenie etatu do \u00bd etatu ) &#8211; 16 os\u00f3b po 1 na ka\u017cde wojew\u00f3dztwo w ramach Projektu \u201eKursy dla diagnost\u00f3w laboratoryjnych i pozosta\u0142ych zawod\u00f3w medycznych w diagnostyce i terapii chor\u00f3b\u201d realizowany w ramach programu Fundusze Europejskie dla Rozwoju Spo\u0142ecznego 2021-2027, wsp\u00f3\u0142finansowany ze \u015brodk\u00f3w Europejskiego Funduszu Spo\u0142ecznego Plus, nr umowy: FERS.01.13-IP.07-0025\/25\/2767\/2025\/493<\/a>\u00a0<strong>16 STANOWISK PRACY<\/strong><\/li>\n\n\n\n<li class=\"gtfy-140 gutenify-list-item\"><a href=\"https:\/\/adm.kidl.org.pl\/file\/file\/download?id=14992\">Ekspert\/Ekspertka ds. moderowania kurs\u00f3w online w ramach Projektu \u201eKursy dla diagnost\u00f3w laboratoryjnych i pozosta\u0142ych zawod\u00f3w medycznych w diagnostyce i terapii chor\u00f3b\u201d realizowany w ramach programu Fundusze Europejskie dla Rozwoju Spo\u0142ecznego 2021-2027, wsp\u00f3\u0142finansowany ze \u015brodk\u00f3w Europejskiego Funduszu Spo\u0142ecznego Plus, nr umowy: FERS.01.13-IP.07-0025\/25\/2767\/2025\/493<\/a>\u00a0<strong>2 STANOWISKA PRACY<\/strong><\/li>\n\n\n\n<li class=\"gtfy-141 gutenify-list-item\"><a href=\"https:\/\/kidl.org.pl\/file\/file\/download?id=15010\">Koordynator\/Koordynatorka naukowi projektu w poszczeg\u00f3lnych regionach Polski &#8211; 5 OFERT w ramach Projektu \u201eKursy dla diagnost\u00f3w laboratoryjnych i pozosta\u0142ych zawod\u00f3w medycznych w diagnostyce i terapii chor\u00f3b\u201d realizowany w ramach programu Fundusze Europejskie dla Rozwoju Spo\u0142ecznego 2021-2027, wsp\u00f3\u0142finansowany ze \u015brodk\u00f3w Europejskiego Funduszu Spo\u0142ecznego Plus, nr umowy: FERS.01.13-IP.07-0025\/25\/2767\/2025\/493<\/a>\u00a0<strong>5 STANOWISK PRACY<\/strong>\u00a0<a href=\"https:\/\/kidl.org.pl\/file\/file\/download?id=15011\">Za\u0142\u0105cznik &#8211; o\u015bwiadczenia kandydata<\/a><\/li>\n\n\n\n<li class=\"gtfy-142 gutenify-list-item\"><a href=\"https:\/\/kidl.org.pl\/file\/file\/download?id=15047\">Koordynator\/Koordynatorka naukowy projektu w poszczeg\u00f3lnych regionach Polski &#8211; 3 OFERTY w ramach Projektu \u201eKursy dla diagnost\u00f3w laboratoryjnych i pozosta\u0142ych zawod\u00f3w medycznych w diagnostyce i terapii chor\u00f3b\u201d realizowany w ramach programu Fundusze Europejskie dla Rozwoju Spo\u0142ecznego 2021-2027, wsp\u00f3\u0142finansowany ze \u015brodk\u00f3w Europejskiego Funduszu Spo\u0142ecznego Plus, nr umowy: FERS.01.13-IP.07-0025\/25\/2767\/2025\/493<\/a>\u00a0<strong>3 STANOWISKA PRACY &#8211; wielkopolskie, opolskie, kujawsko-pomorskie<\/strong><\/li>\n\n\n\n<li class=\"gtfy-143 gutenify-list-item\"><a href=\"https:\/\/kidl.org.pl\/file\/file\/download?id=15056\">Koordynator\/Koordynatorka naukowy w ramach Projektu \u201eKursy dla diagnost\u00f3w laboratoryjnych i pozosta\u0142ych zawod\u00f3w medycznych w diagnostyce i terapii chor\u00f3b\u201d realizowany w ramach programu Fundusze Europejskie dla Rozwoju Spo\u0142ecznego 2021-2027, wsp\u00f3\u0142finansowany ze \u015brodk\u00f3w Europejskiego Funduszu Spo\u0142ecznego Plus, nr umowy: FERS.01.13-IP.07-0025\/25\/2767\/2025\/493<\/a>\u00a0<strong>1 STANOWISKO PRACY, WOJ. \u015aL\u0104SKIE<\/strong><\/li>\n\n\n\n<li class=\"gtfy-144 gutenify-list-item\"><a href=\"https:\/\/kidl.org.pl\/file\/file\/download?id=15055\">SPECJALISTKA\/SPECJALISTA DS. ZAM\u00d3WIE\u0143 (w tym zam\u00f3wie\u0144 finansowanych ze \u015brodk\u00f3w UE) \u2013 1 etat w Dziale Administracyjno-Gospodarczym<\/a><\/li>\n\n\n\n<li class=\"gtfy-145 gutenify-list-item\"><a href=\"https:\/\/kidl.org.pl\/file\/file\/download?id=15053\">RADCA PRAWNY w ramach Projektu \u201eKursy dla diagnost\u00f3w laboratoryjnych i pozosta\u0142ych zawod\u00f3w medycznych w diagnostyce i terapii chor\u00f3b\u201d realizowany w ramach programu Fundusze Europejskie dla Rozwoju Spo\u0142ecznego 2021-2027, wsp\u00f3\u0142finansowany ze \u015brodk\u00f3w Europejskiego Funduszu Spo\u0142ecznego Plus, nr umowy: FERS.01.13-IP.07-0025\/25\/2767\/2025\/493<\/a><\/li>\n\n\n\n<li class=\"gtfy-146 gutenify-list-item\"><a href=\"https:\/\/kidl.org.pl\/file\/file\/download?id=15202\">Ekspert\/Ekspertka ds. moderowania kurs\u00f3w online w ramach Projektu \u201eKursy dla diagnost\u00f3w laboratoryjnych i pozosta\u0142ych zawod\u00f3w medycznych w diagnostyce i terapii chor\u00f3b\u201d realizowany w ramach programu Fundusze Europejskie dla Rozwoju Spo\u0142ecznego 2021-2027, wsp\u00f3\u0142finansowany ze \u015brodk\u00f3w Europejskiego Funduszu Spo\u0142ecznego Plus, nr umowy: FERS.01.13-IP.07-0025\/25\/2767\/2025\/493<\/a>\u00a0<strong>2 STANOWISKA PRACY<\/strong><\/li>\n<\/ol>\n\n<\/div><div role=\"tabpanel\" class=\"wp-block-ub-tabbed-content-tab-content-wrap ub-hide gtfy-152\" id=\"ub-tabbed-content-99ba6aed-bbc3-40d3-b577-0dbc1454fa1e-panel-5\" aria-labelledby=\"ub-tabbed-content-99ba6aed-bbc3-40d3-b577-0dbc1454fa1e-tab-5\" tabindex=\"0\">\n\n<p class=\"gtfy-149 wp-block-paragraph\">1)\u00a0<strong>stycze\u0144 2026 r. \u2013 czerwiec 2026 r.<\/strong>\u00a0&#8211; opracowanie 35 program\u00f3w szkole\u0144<\/p>\n\n\n\n<p class=\"gtfy-150 wp-block-paragraph\">2)\u00a0<strong>maj 2026 \u2013 pa\u017adziernik 2028<\/strong>\u00a0&#8211; nab\u00f3r na kursy \u2013 rekrutacja<\/p>\n\n\n\n<p class=\"gtfy-151 wp-block-paragraph\">3)\u00a0<strong>lipiec\/sierpie\u0144 2026 \u2013 pa\u017adziernik 2028<\/strong>\u00a0&#8211; Organizacja kurs\u00f3w \u2013 szczeg\u00f3\u0142owe harmonogramy pojawi\u0105 si\u0119 po rozpocz\u0119ciu naboru i wy\u0142onieniu wykonawc\u00f3w.<\/p>\n\n<\/div><div role=\"tabpanel\" class=\"wp-block-ub-tabbed-content-tab-content-wrap ub-hide gtfy-180\" id=\"ub-tabbed-content-99ba6aed-bbc3-40d3-b577-0dbc1454fa1e-panel-6\" aria-labelledby=\"ub-tabbed-content-99ba6aed-bbc3-40d3-b577-0dbc1454fa1e-tab-6\" tabindex=\"0\">\n\n<p class=\"gtfy-153 wp-block-paragraph\"><strong>Biuro projektu:<\/strong><br>Krajowa Izba Diagnost\u00f3w Laboratoryjnych<br>Ul. Konopacka 4 pok\u00f3j nr 211<br>03-428 Warszawa<br>e-mail: biuro.projekt@kidl.org.pl<br>tel. +48 605 041 222<br>tel +48 22 512 64 44<br>tel +48 22 741 21 55, wew. 444<\/p>\n\n\n\n<p class=\"gtfy-154 wp-block-paragraph\"><strong>Kierownik projektu:\u00a0<\/strong>dr n. med. Monika Pintal-\u015alimak<br><\/p>\n\n\n\n<p class=\"gtfy-155 wp-block-paragraph\"><strong>Kierownik naukowy projektu:<\/strong>\u00a0Anna Lipnicka<br><\/p>\n\n\n\n<p class=\"gtfy-156 wp-block-paragraph\"><strong>G\u0142\u00f3wny koordynator merytoryczny:<\/strong>\u00a0Anna Potoka<br><\/p>\n\n\n\n<p class=\"gtfy-157 wp-block-paragraph\"><strong>Koordynator regionalny (woj. mazowieckie):<\/strong>\u00a0Anna \u0141akoma\u2013Rakowska<\/p>\n\n\n\n<p class=\"gtfy-158 wp-block-paragraph\"><strong>Koordynator regionalny (woj. pomorskie):<\/strong>\u00a0dr hab. Agnieszka Jankowska-Kulawy<\/p>\n\n\n\n<p class=\"gtfy-159 wp-block-paragraph\"><strong>Koordynator regionalny (woj. opolskie):<\/strong>\u00a0Joanna Kowalska<\/p>\n\n\n\n<p class=\"gtfy-160 wp-block-paragraph\"><strong>Koordynator regionalny (woj. \u015bl\u0105skie):<\/strong>\u00a0Anna Kleczka<\/p>\n\n\n\n<p class=\"gtfy-161 wp-block-paragraph\"><strong>Koordynator regionalny (woj. wielkopolskie):<\/strong>\u00a0dr n. med. Ewa Leporowska<\/p>\n\n\n\n<p class=\"gtfy-162 wp-block-paragraph\"><strong>Koordynator regionalny (woj. podkarpackie):<\/strong>\u00a0Adrian Klepczyk, MBA<\/p>\n\n\n\n<p class=\"gtfy-163 wp-block-paragraph\"><strong>Koordynator regionalny (woj. warmi\u0144sko-mazurskie):<\/strong>\u00a0Pawe\u0142 Muszy\u0144ski<\/p>\n\n\n\n<p class=\"gtfy-164 wp-block-paragraph\"><strong>Koordynator regionalny (woj. zachodniopomorskie):<\/strong><\/p>\n\n\n\n<p class=\"gtfy-165 wp-block-paragraph\"><strong>Koordynator regionalny (woj. lubuskie):<\/strong>\u00a0Beata Tomasiewciz-Krysa<\/p>\n\n\n\n<p class=\"gtfy-166 wp-block-paragraph\"><strong>Koordynator regionalny (woj. lubelskie):<\/strong>\u00a0Beata Wojtysiak \u2013 Duma<\/p>\n\n\n\n<p class=\"gtfy-167 wp-block-paragraph\"><strong>Koordynator regionalny (woj. dolno\u015bl\u0105skie):<\/strong>\u00a0Iwona Bil-Lula<\/p>\n\n\n\n<p class=\"gtfy-168 wp-block-paragraph\"><strong>Koordynator regionalny (woj. kujawsko-pomorskie):<\/strong>\u00a0dr n. med. Katarzyna Bergman<\/p>\n\n\n\n<p class=\"gtfy-169 wp-block-paragraph\"><strong>Koordynator regionalny (woj. podlaskie):<\/strong>\u00a0Magdalena \u015aredzi\u0144ska<\/p>\n\n\n\n<p class=\"gtfy-170 wp-block-paragraph\"><strong>Koordynator regionalny (woj. \u0142\u00f3dzkie):<\/strong>\u00a0dr hab. n. med. Edyta Borkowska<\/p>\n\n\n\n<p class=\"gtfy-171 wp-block-paragraph\"><strong>Koordynator regionalny (woj. ma\u0142opolskie):<\/strong>\u00a0Danuta Koz\u0142owska<\/p>\n\n\n\n<p class=\"gtfy-172 wp-block-paragraph\"><strong>Koordynator regionalny (woj. \u015bwi\u0119tokrzyskie):<\/strong>\u00a0dr n. med. Tomasz Anyszek<br><\/p>\n\n\n\n<p class=\"gtfy-173 wp-block-paragraph\"><strong>Ekspert ds. ewaluacji merytorycznej uczestnik\u00f3w projektu:<\/strong>\u00a0Ewa Brzezi\u0144ska<\/p>\n\n\n\n<p class=\"gtfy-174 wp-block-paragraph\"><strong>Ekspert ds. ewaluacji merytorycznej uczestnik\u00f3w projektu:<\/strong>\u00a0Mateusz Chmielarz<\/p>\n\n\n\n<p class=\"gtfy-175 wp-block-paragraph\"><strong>Ekspert ds. ewaluacji merytorycznej uczestnik\u00f3w projektu:<\/strong>\u00a0Aleksandra Lipowska<\/p>\n\n\n\n<p class=\"gtfy-176 wp-block-paragraph\"><strong>Ekspert ds. ewaluacji merytorycznej uczestnik\u00f3w projektu:<\/strong>\u00a0Anna Wo\u017aniak<\/p>\n\n\n\n<p class=\"gtfy-177 wp-block-paragraph\"><strong>Ekspert ds. moderowania kurs\u00f3w online:<\/strong>\u00a0Andrzej Grochowina<\/p>\n\n\n\n<p class=\"gtfy-178 wp-block-paragraph\"><strong>Ekspert ds. moderowania kurs\u00f3w online:<\/strong>\u00a0Anna Kulpi\u0144ska<\/p>\n\n\n\n<p class=\"gtfy-179 wp-block-paragraph\"><strong>Obs\u0142uga prawna:<\/strong>\u00a0Jacek Sobczak, j.sobczak@kidl.org.pl<\/p>\n\n<\/div><div role=\"tabpanel\" class=\"wp-block-ub-tabbed-content-tab-content-wrap ub-hide gtfy-274\" id=\"ub-tabbed-content-99ba6aed-bbc3-40d3-b577-0dbc1454fa1e-panel-7\" aria-labelledby=\"ub-tabbed-content-99ba6aed-bbc3-40d3-b577-0dbc1454fa1e-tab-7\" tabindex=\"0\">\n\n<h2 class=\"wp-block-heading gtfy-181\">JAK Z\u0141O\u017bY\u0106 FORMULARZ?<\/h2>\n\n\n\n<p class=\"gtfy-182 wp-block-paragraph\">Formularz zg\u0142oszenia do udzia\u0142u w projekcie mo\u017cna z\u0142o\u017cy\u0107:<\/p>\n\n\n\n<p class=\"gtfy-183 wp-block-paragraph\">papierowo \u2013 wysy\u0142aj\u0105c go poczt\u0105 na adres: KIDL, ul. Konopacka 4, 03-428 Warszawa z dopiskiem Biuro Projektu;<\/p>\n\n\n\n<p class=\"gtfy-184 wp-block-paragraph\">elektronicznie \u2013 wysy\u0142aj\u0105c go mailowo na adres: biuro.projekt@kidl.org.pl.<\/p>\n\n\n\n<p class=\"gtfy-185 wp-block-paragraph\">Przed wys\u0142aniem formularza w wersji elektronicznej nale\u017cy sprawdzi\u0107 ostateczn\u0105 wersj\u0119 i podpisa\u0107 j\u0105. Podpis mo\u017cna sprawdzi\u0107 pod poni\u017cszym adresem: https:\/\/podpis.gov.pl\/podpisz-dokument-elektronicznie\/.<\/p>\n\n\n\n<h2 class=\"wp-block-heading gtfy-186\">ZG\u0141OSZENIA I REJESTRACJA<\/h2>\n\n\n\n<h3 class=\"wp-block-heading gtfy-187\">1. Czy moje zg\u0142oszenie zosta\u0142o przyj\u0119te?<\/h3>\n\n\n\n<p class=\"gtfy-188 wp-block-paragraph\">Ka\u017cde zg\u0142oszenie poprawne pod wzgl\u0119dem formalnym jest rejestrowane przez Biuro Projektu.<\/p>\n\n\n\n<p class=\"gtfy-189 wp-block-paragraph\">Kandydaci, kt\u00f3rzy przes\u0142ali formularz w formie elektronicznej, otrzymaj\u0105 odpowied\u017a o\u202fstatusie zg\u0142oszenia po ocenie formalnej. Czas potrzebny na ocen\u0119 wniosk\u00f3w wynosi do\u202fdw\u00f3ch tygodni.<\/p>\n\n\n\n<p class=\"gtfy-190 wp-block-paragraph\">Zg\u0142oszenia drog\u0105 pocztow\u0105 s\u0105 najcz\u0119\u015bciej nadawane przesy\u0142k\u0105 rejestrowan\u0105. W zwi\u0105zku z tym kandydaci nie\u202fotrzymuj\u0105 odpowiedzi, je\u015bli wniosek jest poprawny. W przypadku brak\u00f3w lub b\u0142\u0119d\u00f3w formalnych skontaktujemy si\u0119 z pro\u015bb\u0105 o korekty lub uzupe\u0142nienia.<\/p>\n\n\n\n<h3 class=\"wp-block-heading gtfy-191\">2. Czy samo wys\u0142anie formularza jest r\u00f3wnoznaczne z zapisem na kurs?<\/h3>\n\n\n\n<p class=\"gtfy-192 wp-block-paragraph\">Nie. Z\u0142o\u017cenie zg\u0142oszenia oznacza rozpocz\u0119cie procesu rekrutacji. Ostateczna kwalifikacja uczestnik\u00f3w nast\u0105pi po weryfikacji danych i dokument\u00f3w.<\/p>\n\n\n\n<p class=\"gtfy-193 wp-block-paragraph\">Zaznaczenie okre\u015blonych kurs\u00f3w w formularzu zg\u0142oszeniowym traktujemy jako wyraz zainteresowania danymi zakresami tematycznymi. W momencie, gdy czas oraz miejsce organizacji pierwszych seminari\u00f3w i warsztat\u00f3w b\u0119d\u0105 ju\u017c znane, skontaktujemy si\u0119 z uczestnikami z pro\u015bb\u0105 o z\u0142o\u017cenie deklaracji uczestnictwa w szkoleniach w danym terminie.<\/p>\n\n\n\n<h3 class=\"wp-block-heading gtfy-194\">3. W formularzu zobowi\u0105zuj\u0119 si\u0119 do \u201euczestnictwa w wybranych i potwierdzonych szkoleniach w 100%\u201d. Co to znaczy?<\/h3>\n\n\n\n<p class=\"gtfy-195 wp-block-paragraph\">O\u015bwiadczenie zawarte w formularzu odnosi si\u0119 do wymogu odbycia kursu w pe\u0142nym wymiarze czasy w celu uzyskania zaliczenia, a zatem otrzymania punkt\u00f3w edukacyjnych.<\/p>\n\n\n\n<p class=\"gtfy-196 wp-block-paragraph\">Nie oznacza to, \u017ce w przypadku niewywi\u0105zania si\u0119 z uczestnictwa w okre\u015blonym terminie szkolenia uczestnik b\u0119dzie zobowi\u0105zany do poniesienia koszt\u00f3w organizacji ani uiszczenia jakiejkolwiek innej kary finansowej.<\/p>\n\n\n\n<p class=\"gtfy-197 wp-block-paragraph\">W przypadku rezygnacji z zadeklarowanego terminu uczestnictwa w kursie, b\u0119dziemy prosi\u0107 o wcze\u015bniejsze poinformowanie Biura Projektu lub Koordynatora Regionalnego, aby\u015bmy mogli zaprosi\u0107 do udzia\u0142u kolejn\u0105 osob\u0119 z listy rezerwowej.<\/p>\n\n\n\n<h2 class=\"wp-block-heading gtfy-198\">NAJCZ\u0118STSZE B\u0141\u0118DY W FORMULARZU<\/h2>\n\n\n\n<h3 class=\"wp-block-heading gtfy-199\">1. \u201eFormularz zawiera braki formalne\u201d:<\/h3>\n\n\n\n<p class=\"gtfy-200 wp-block-paragraph\">Na og\u00f3\u0142 oznacza to, \u017ce kandydat przeoczy\u0142 kt\u00f3re\u015b z obowi\u0105zkowych p\u00f3l w formularzu. Najcz\u0119\u015bciej problemy dotycz\u0105 nast\u0119puj\u0105cych fragment\u00f3w dokumentu:<\/p>\n\n\n\n<ul class=\"wp-block-list gtfy-205\">\n<li class=\"gtfy-201 gutenify-list-item\">\u201eO\u015bwiadczam, i\u017c posiadam wykszta\u0142cenie w\u0142a\u015bciwe dla wy\u017cej wskazanej przeze mnie grupy zawodowej\u201d (strona 1);<\/li>\n\n\n\n<li class=\"gtfy-202 gutenify-list-item\">Numer PWZDL \u2013 Diagno\u015bci laboratoryjni powinni wpisa\u0107 go w kom\u00f3rkach bezpo\u015brednio pod miejscem na numer PESEL (strona 1);<\/li>\n\n\n\n<li class=\"gtfy-203 gutenify-list-item\">\u201eWykszta\u0142cenie posiadane\u201d \u2013 Uwaga! Cho\u0107 zapytanie w formularzu pojawia si\u0119 na stronie 1, pola z deklaracj\u0105 uko\u0144czenia uczelni wy\u017cszych znajduj\u0105 si\u0119 ju\u017c na stronie 2.<\/li>\n\n\n\n<li class=\"gtfy-204 gutenify-list-item\">\u201eStatus na rynku pracy\u201d \u2013 Uwaga! Cho\u0107 zapytanie w formularzu pojawia si\u0119 na stronie 2, pola z deklaracj\u0105 dla os\u00f3b pracuj\u0105cych znajduj\u0105 si\u0119 ju\u017c na stronie 3.<\/li>\n<\/ul>\n\n\n\n<p class=\"gtfy-206 wp-block-paragraph\">Odpowiedzi na pytania dotycz\u0105ce przynale\u017cno\u015bci do mniejszo\u015bci narodowej lub etnicznej, niepe\u0142nosprawno\u015bci, bezdomno\u015bci lub znajdowania si\u0119 w niekorzystnej sytuacji spo\u0142ecznej s\u0105 obowi\u0105zkowymi elementami zg\u0142oszenia, wynikaj\u0105cymi z wymog\u00f3w zwi\u0105zanych z finansowaniem Projektu w ramach Funduszy Europejskich. Nie nale\u017cy o nich zapomina\u0107!<\/p>\n\n\n\n<p class=\"gtfy-207 wp-block-paragraph\">Co zrobi\u0107? Zaznacz odpowiednie pola krzy\u017cykiem (\u201eX\u201d). Nast\u0119pnie prze\u015blij poprawiony formularz do Biura Projektu.<\/p>\n\n\n\n<h3 class=\"wp-block-heading gtfy-208\">2. Brak danych kontaktowych:<\/h3>\n\n\n\n<p class=\"gtfy-209 wp-block-paragraph\">Pola z danymi kontaktowymi (e-mail, telefon, nr PWZDL, powiat, gmina) s\u0105 obowi\u0105zkowe.<\/p>\n\n\n\n<p class=\"gtfy-210 wp-block-paragraph\">Co zrobi\u0107? Uzupe\u0142nij brakuj\u0105ce pola. Nast\u0119pnie prze\u015blij formularz ponownie.<\/p>\n\n\n\n<h3 class=\"wp-block-heading gtfy-211\">3. Brak podpisu:<\/h3>\n\n\n\n<p class=\"gtfy-212 wp-block-paragraph\">Podpisanie formularza jest warunkiem jego rozpatrzenia. Niepodpisane formularze nie mog\u0105 sta\u0107 si\u0119 podstaw\u0105 zarejestrowania uczestnika do udzia\u0142u w projekcie.<\/p>\n\n\n\n<p class=\"gtfy-213 wp-block-paragraph\">O czym pami\u0119ta\u0107?<\/p>\n\n\n\n<ul class=\"wp-block-list gtfy-216\">\n<li class=\"gtfy-214 gutenify-list-item\">Je\u015bli wysy\u0142asz zg\u0142oszenie poczt\u0105: sprawd\u017a, czy podpisa\u0142e\u015b formularz i wpisa\u0142e\u015b dat\u0119 u do\u0142u strony 4.<\/li>\n\n\n\n<li class=\"gtfy-215 gutenify-list-item\">Je\u015bli wysy\u0142asz formularz drog\u0105 elektroniczn\u0105:<\/li>\n<\/ul>\n\n\n\n<p class=\"gtfy-217 wp-block-paragraph\">opatrz plik pdf podpisem kwalifikowanym;<\/p>\n\n\n\n<p class=\"gtfy-218 wp-block-paragraph\">opatrz plik pdf podpisem za pomoc\u0105 profilu zaufanego (https:\/\/www.gov.pl\/web\/gov\/podpisz-dokument-elektronicznie-wykorzystaj-podpis-zaufany).<\/p>\n\n\n\n<h3 class=\"wp-block-heading gtfy-219\">4. Brakuj\u0105ce dokumenty:<\/h3>\n\n\n\n<p class=\"gtfy-220 wp-block-paragraph\">Kandydaci nieb\u0119d\u0105cy diagnostami laboratoryjnymi, ubiegaj\u0105cy si\u0119 o uczestnictwo w projekcie, poza formularzem zg\u0142oszenia musz\u0105 wys\u0142a\u0107 r\u00f3wnie\u017c:<\/p>\n\n\n\n<ul class=\"wp-block-list gtfy-223\">\n<li class=\"gtfy-221 gutenify-list-item\">za\u015bwiadczenie o pracy w Medycznym Laboratorium Diagnostycznym;<\/li>\n\n\n\n<li class=\"gtfy-222 gutenify-list-item\">dokument potwierdzaj\u0105cy wykszta\u0142cenie zgodne z art. 5 ustawy o medycynie laboratoryjnej.<\/li>\n<\/ul>\n\n\n\n<p class=\"gtfy-224 wp-block-paragraph\">Wskazane dokumenty mog\u0105 zosta\u0107 przekazane w formie kopii wraz ze zg\u0142oszeniem drog\u0105 pocztow\u0105. Mog\u0105 r\u00f3wnie\u017c zosta\u0107 przekazane drog\u0105 mailow\u0105 w formie skanu.<\/p>\n\n\n\n<h3 class=\"wp-block-heading gtfy-225\">5. Czy mog\u0119 nanosi\u0107 poprawki (przekre\u015blenia) na formularzu?<\/h3>\n\n\n\n<p class=\"gtfy-226 wp-block-paragraph\">Nie, formularze z przekre\u015bleniami nie b\u0119d\u0105 akceptowane. Poprawki mog\u0105 obejmowa\u0107 wy\u0142\u0105cznie te dane, kt\u00f3re sami Pa\u0144stwo wpisujecie, takie jak na przyk\u0142ad: kod pocztowy i nr PWZDL. W przypadku korekty podobnych informacji, prosimy o postawienie parafki przy wprowadzonej zmianie.<\/p>\n\n\n\n<h2 class=\"wp-block-heading gtfy-227\">KWALIFIKOWALNO\u015a\u0106 DO PROJEKTU<\/h2>\n\n\n\n<h3 class=\"wp-block-heading gtfy-228\">1. Czy mog\u0119 wzi\u0105\u0107 udzia\u0142 w projekcie?<\/h3>\n\n\n\n<p class=\"gtfy-229 wp-block-paragraph\">W projekcie mog\u0105 wzi\u0105\u0107 udzia\u0142:<\/p>\n\n\n\n<p class=\"gtfy-230 wp-block-paragraph\">1) diagno\u015bci laboratoryjni &#8211; osoby posiadaj\u0105ce prawo wykonywania zawodu diagnosty laboratoryjnego, zgodnie z ustaw\u0105 z dnia 15 wrze\u015bnia 2022 r. o medycynie laboratoryjnej (Dz.U. z 2023 r. poz. 2125) oraz osoby o kt\u00f3rych mowa w art. 155 ust. 1 ww. ustawy,<\/p>\n\n\n\n<p class=\"gtfy-231 wp-block-paragraph\">2) pozosta\u0142a kadra pracuj\u0105ca w medycznych laboratoriach diagnostycznych &#8211; osoby pracuj\u0105ce w medycznych laboratoriach diagnostycznych oraz uprawnione do wykonywania czynno\u015bci medycyny laboratoryjnej, o kt\u00f3rych mowa w art. 5 ust. 1 ustawy z dnia 15 wrze\u015bnia 2022 r. o medycynie laboratoryjnej (Dz.U. z 2023 r. poz. 2125) oraz osoby o kt\u00f3rych mowa w art. 155 ust. 2 ww. ustawy. Osob\u0105 uprawnion\u0105 do wykonywania czynno\u015bci medycyny laboratoryjnej w laboratorium jest:<\/p>\n\n\n\n<ul class=\"wp-block-list gtfy-236\">\n<li class=\"gtfy-232 gutenify-list-item\">osoba, kt\u00f3ra posiada tytu\u0142 zawodowy technika analityki medycznej,<\/li>\n\n\n\n<li class=\"gtfy-233 gutenify-list-item\">tytu\u0142 zawodowy licencjata uzyskany na kierunku analityka medyczna,<\/li>\n\n\n\n<li class=\"gtfy-234 gutenify-list-item\">osoba, kt\u00f3ra uko\u0144czy\u0142a jednolite studia magisterskie lub studia pierwszego i drugiego stopnia w zakresie: biologii, biologii medycznej, mikrobiologii lub mikrobiologii medycznej i uzyska\u0142a tytu\u0142 zawodowy magistra biotechnologii lub biotechnologii medycznej i uzyska\u0142a tytu\u0142 zawodowy magistra lub magistra in\u017cyniera,<\/li>\n\n\n\n<li class=\"gtfy-235 gutenify-list-item\">osoba, kt\u00f3ra na podstawie przepis\u00f3w dotychczasowych by\u0142a uprawniona do wykonywania okre\u015blonych czynno\u015bci diagnostyki laboratoryjnej.<\/li>\n<\/ul>\n\n\n\n<h3 class=\"wp-block-heading gtfy-237\">2. Jestem zatrudniony w medycznym laboratorium diagnostycznym, ale nie wykonuj\u0119 czynno\u015bci medycyny laboratoryjnej. Czy mog\u0119 wzi\u0105\u0107 udzia\u0142 w projekcie?<\/h3>\n\n\n\n<p class=\"gtfy-238 wp-block-paragraph\">Niestety nie.<\/p>\n\n\n\n<h2 class=\"wp-block-heading gtfy-239\">KURSY SEROLOGICZNE<\/h2>\n\n\n\n<h3 class=\"wp-block-heading gtfy-240\">1. Kto mo\u017ce wzi\u0105\u0107 udzia\u0142 w kursach serologicznych?<\/h3>\n\n\n\n<p class=\"gtfy-241 wp-block-paragraph\">W kursie serologicznym mog\u0105 wzi\u0105\u0107 udzia\u0142 osoby, kt\u00f3re:<\/p>\n\n\n\n<h4 class=\"wp-block-heading gtfy-242\">&#8211; odby\u0142y co najmniej p\u00f3\u0142roczny sta\u017c w pracowni immunologii transfuzjologicznej.<\/h4>\n\n\n\n<p class=\"gtfy-243 wp-block-paragraph\">Sta\u017c musi zosta\u0107 potwierdzony przez kierownika pracowni lub kierownika medycznego laboratorium diagnostycznego przed rozpocz\u0119ciem kursu.<\/p>\n\n\n\n<p class=\"gtfy-244 wp-block-paragraph\">P\u00f3\u0142roczny sta\u017c w wykonywaniu bada\u0144 immunohematologicznych mo\u017ce zosta\u0107 zrealizowany w pe\u0142nym wymiarze czasu lub w niepe\u0142nym wymiarze czasu pracy, o ile trwa on w okresie nie d\u0142u\u017cszym ni\u017c trzy lata i odpowiada p\u00f3\u0142rocznemu pe\u0142nemu wymiarowi czasu pracy.<\/p>\n\n\n\n<p class=\"gtfy-245 wp-block-paragraph\">Kursy s\u0105 organizowane zgodnie z rozporz\u0105dzeniem Ministra Zdrowia z dnia 16 pa\u017adziernika 2017 r. w sprawie leczenia krwi\u0105 i jej sk\u0142adnikami w podmiotach leczniczych wykonuj\u0105cych dzia\u0142alno\u015b\u0107 lecznicz\u0105 w rodzaju stacjonarne i ca\u0142odobowe \u015bwiadczenia zdrowotne (t.j. Dz. U. z 2023 r. poz. 1742).<\/p>\n\n\n\n<h3 class=\"wp-block-heading gtfy-246\">2. Czy kurs organizowany w ramach projektu jest identyczny z dwutygodniowymi szkoleniami doskonal\u0105cymi organizowanymi przez Regionalne Centra Krwiodawstwa i Krwiolecznictwa?<\/h3>\n\n\n\n<p class=\"gtfy-247 wp-block-paragraph\">Tak.<\/p>\n\n\n\n<h3 class=\"wp-block-heading gtfy-248\">3. Posiadam ju\u017c uprawnienia do pracy w laboratorium serologicznym. Czy kurs podniesie moje kompetencje? Czy w mojej sytuacji warto wzi\u0105\u0107 w nim udzia\u0142?<\/h3>\n\n\n\n<p class=\"gtfy-249 wp-block-paragraph\">Nie.<\/p>\n\n\n\n<h2 class=\"wp-block-heading gtfy-250\">PROGRAMY KURS\u00d3W I TERMINY ICH REALIZACJI<\/h2>\n\n\n\n<h3 class=\"wp-block-heading gtfy-251\">1. Kiedy b\u0119dziemy mogli pozna\u0107 programy kurs\u00f3w?<\/h3>\n\n\n\n<p class=\"gtfy-252 wp-block-paragraph\">Obecnie ko\u0144czymy proces wy\u0142aniania ekspert\u00f3w, kt\u00f3rzy opracuj\u0105 szczeg\u00f3\u0142owe scenariusze kurs\u00f3w. Programy dla wszystkich blok\u00f3w tematycznych powinny by\u0107 gotowe na prze\u0142omie sierpnia i wrze\u015bnia 2026 roku.<\/p>\n\n\n\n<p class=\"gtfy-253 wp-block-paragraph\">Uczestnicy b\u0119d\u0105 mogli zapozna\u0107 si\u0119 z gotowymi scenariuszami na w zak\u0142adce \u201eProjekt UE\u201d na stronie KIDL, w podzak\u0142adce \u201eProgramy szkole\u0144\u201d.<\/p>\n\n\n\n<h3 class=\"wp-block-heading gtfy-254\">2. Kiedy rozpoczn\u0105 si\u0119 kursy?<\/h3>\n\n\n\n<p class=\"gtfy-255 wp-block-paragraph\">R\u00f3wnolegle z pracami nad programami kurs\u00f3w trwaj\u0105 rozmowy maj\u0105ce wy\u0142oni\u0107 realizator\u00f3w w poszczeg\u00f3lnych wojew\u00f3dztwach. W zwi\u0105zku z tym rozpocz\u0119cie szkole\u0144 planowane jest na prze\u0142om 2026 i 2027 roku.<\/p>\n\n\n\n<h2 class=\"wp-block-heading gtfy-256\">UCZESTNICTWO W KURSIE<\/h2>\n\n\n\n<h3 class=\"wp-block-heading gtfy-257\">1. Czy musz\u0119 uczestniczy\u0107 w ca\u0142ym kursie?<\/h3>\n\n\n\n<p class=\"gtfy-258 wp-block-paragraph\">Tak \u2013 zaliczenie kursu wymaga 100% uczestnictwa w zaj\u0119ciach, w kt\u00f3rych uczestnictwo potwierdz\u0105 Pa\u0144stwo wybieraj\u0105c konkretny termin. Zaj\u0119cia stacjonarne trwaj\u0105 8 lub 16 godzin dydaktycznych (6 lub 12 godzin zegarowych. Dlatego wymagamy 100% obecno\u015bci, aby zaliczy\u0107 kurs.<\/p>\n\n\n\n<p class=\"gtfy-259 wp-block-paragraph\">Nieobecno\u015bci b\u0119d\u0105 skutkowa\u0107 brakiem zaliczenia konkretnego kursu. W takiej sytuacji w celu realizacji kursu oraz uzyskania za niego punkt\u00f3w edukacyjnych niezb\u0119dne b\u0119dzie zapisanie si\u0119 na kurs w alternatywnym terminie.<\/p>\n\n\n\n<p class=\"gtfy-260 wp-block-paragraph\">Przyk\u0142ad: uczestnik podchodz\u0105cy do seminarium na temat mikrobiologii, trwaj\u0105cego 8 godzin dydaktycznych, musi uczestniczy\u0107 w nim od pocz\u0105tku do ko\u0144ca, aby uzyska\u0107 za\u015bwiadczenie i mo\u017cliwo\u015b\u0107 otrzymania 8 punkt\u00f3w edukacyjnych przys\u0142uguj\u0105cych mu z racji zako\u0144czenia kursu.<\/p>\n\n\n\n<p class=\"gtfy-261 wp-block-paragraph\">Zatem wcze\u015bniejsze opuszczenie kursu, na przyk\u0142ad po up\u0142ywie 4 godzin dydaktycznych, nie daje uczestnikowi ani mo\u017cliwo\u015bci uzyskania zaliczenia, ani otrzymania cz\u0119\u015bci punkt\u00f3w dydaktycznych.<\/p>\n\n\n\n<h3 class=\"wp-block-heading gtfy-262\">2. Czy kurs odb\u0119dzie si\u0119 w moim miejscu zamieszkania?<\/h3>\n\n\n\n<p class=\"gtfy-263 wp-block-paragraph\">Za\u0142o\u017ceniem projektu jest realizacja kurs\u00f3w w co najmniej jednym mie\u015bcie z ka\u017cdego wojew\u00f3dztwa w Polsce. Wzgl\u0119dy praktyczne sprawiaj\u0105, \u017ce miejsca realizacji kurs\u00f3w zale\u017cne b\u0119d\u0105 od: dost\u0119pno\u015bci miejsc, liczby os\u00f3b zg\u0142oszonych z poszczeg\u00f3lnych wojew\u00f3dztw oraz zgodno\u015bci region\u00f3w z miejscem zamieszkania uczestnik\u00f3w i uczestniczek projektu.<\/p>\n\n\n\n<h3 class=\"wp-block-heading gtfy-264\">3. Czy mog\u0119 zg\u0142osi\u0107 preferencj\u0119 lokalizacji?<\/h3>\n\n\n\n<p class=\"gtfy-265 wp-block-paragraph\">W pierwszej kolejno\u015bci b\u0119d\u0105 Pa\u0144stwo kierowani na kursy w wojew\u00f3dztwie, kt\u00f3re wskazali Pa\u0144stwo jako miejsce zamieszkania w formularzu zg\u0142oszeniowym. Je\u015bli preferuj\u0105 Pa\u0144stwo udzia\u0142 w kursach stacjonarnych na terenie innego wojew\u00f3dztwa, prosimy o poinformowanie Biura Projektu drog\u0105 mailow\u0105 lub poprzez naniesienie odpowiedniego komentarza na formularzu.<\/p>\n\n\n\n<p class=\"gtfy-266 wp-block-paragraph\">Nawet w przypadku braku takiej preferencji, a w zwi\u0105zku z wyst\u0105pieniem nag\u0142ej sytuacji, na przyk\u0142ad przeprowadzki czy zmiany miejsca zatrudnienia w czasie trwania projektu, mo\u017cliwe jest zg\u0142oszenie si\u0119 do udzia\u0142u w seminariach i warsztatach stacjonarnych na terenie innego wojew\u00f3dztwa. Prosimy w\u00f3wczas o indywidualny kontakt w sprawie zapis\u00f3w na okre\u015blony termin kurs\u00f3w.<\/p>\n\n\n\n<h2 class=\"wp-block-heading gtfy-267\">KONTAKT Z BIUREM PROJEKTU<\/h2>\n\n\n\n<p class=\"gtfy-268 wp-block-paragraph\">W sprawach projektu nale\u017cy kontaktowa\u0107 si\u0119 z Biurem Projektu KIDL.<\/p>\n\n\n\n<ul class=\"wp-block-list gtfy-272\">\n<li class=\"gtfy-269 gutenify-list-item\">Adres e-mail: biuro.projekt@kidl.org.pl<\/li>\n\n\n\n<li class=\"gtfy-270 gutenify-list-item\">Telefon stacjonarny: +48 605 041\u202f222<\/li>\n\n\n\n<li class=\"gtfy-271 gutenify-list-item\">Telefon kom\u00f3rkowy: +48 22 512 64 44<\/li>\n<\/ul>\n\n\n\n<p class=\"gtfy-273 wp-block-paragraph\">Pracownicy biura pozostaj\u0105 do Pa\u0144stwa dyspozycji w dni robocze, w godzinach od 8:00 do 16:00.<\/p>\n\n<\/div><div role=\"tabpanel\" class=\"wp-block-ub-tabbed-content-tab-content-wrap ub-hide gtfy-288\" id=\"ub-tabbed-content-99ba6aed-bbc3-40d3-b577-0dbc1454fa1e-panel-8\" aria-labelledby=\"ub-tabbed-content-99ba6aed-bbc3-40d3-b577-0dbc1454fa1e-tab-8\" tabindex=\"0\">\n\n<p class=\"gtfy-275 wp-block-paragraph\">Krajowa Izba Diagnost\u00f3w Laboratoryjnych realizuje projekty finansowane ze \u015brodk\u00f3w Unii Europejskiej zgodnie z najwy\u017cszymi standardami etycznymi i zasad\u0105 pe\u0142nej przejrzysto\u015bci.<\/p>\n\n\n\n<p class=\"gtfy-276 wp-block-paragraph\">Poni\u017cej znajduje si\u0119 wykaz kana\u0142\u00f3w, za po\u015brednictwem kt\u00f3rych mo\u017cna zg\u0142asza\u0107:<\/p>\n\n\n\n<p class=\"gtfy-277 wp-block-paragraph\">\u2022 podejrzenie nieprawid\u0142owo\u015bci finansowych lub nadu\u017cy\u0107 (w tym korupcji, oszustw, konfliktu interes\u00f3w),<\/p>\n\n\n\n<p class=\"gtfy-278 wp-block-paragraph\">\u2022 niezgodno\u015b\u0107 realizacji projekt\u00f3w z postanowieniami Karty Praw Podstawowych Unii Europejskiej (KPP) oraz Konwencji o Prawach Os\u00f3b Niepe\u0142nosprawnych (KPON).<\/p>\n\n\n\n<h3 class=\"wp-block-heading gtfy-279\">Zg\u0142oszenia mo\u017cna kierowa\u0107:<\/h3>\n\n\n\n<ol class=\"wp-block-list gtfy-282\">\n<li class=\"gtfy-280 gutenify-list-item\">Poczt\u0105 tradycyjn\u0105 \u2014 pisemnie na adres: Ministerstwo Funduszy i Polityki Regionalnej, ul. Wsp\u00f3lna 2\/4, 00-926 Warszawa lub Ministerstwo Zdrowia, ul. Miodowa 15, 00-952 Warszawa.<\/li>\n\n\n\n<li class=\"gtfy-281 gutenify-list-item\">Elektronicznie \u2014 za po\u015brednictwem:<\/li>\n<\/ol>\n\n\n\n<p class=\"gtfy-283 wp-block-paragraph\">elektronicznej skrzynki podawczej ePUAP w\u0142a\u015bciwego ministerstwa (MFiPR lub MZ), publicznej us\u0142ugi rejestrowanego dor\u0119czenia elektronicznego lub publicznej us\u0142ugi hybrydowej, zgodnie z ustaw\u0105 z dnia 18 listopada 2020 r. o dor\u0119czeniach elektronicznych (Dz. U. z 2024 r. poz. 1045, z p\u00f3\u017an. zm.).<\/p>\n\n\n\n<h3 class=\"wp-block-heading gtfy-284\">Kto mo\u017ce zg\u0142asza\u0107 naruszenia KPP i KPON:<\/h3>\n\n\n\n<p class=\"gtfy-285 wp-block-paragraph\">\u2022 osoby fizyczne \u2014 uczestnicy projekt\u00f3w lub ich pe\u0142nomocnicy i przedstawiciele,<\/p>\n\n\n\n<p class=\"gtfy-286 wp-block-paragraph\">\u2022 instytucje uczestnicz\u0105ce we wdra\u017caniu funduszy Unii Europejskiej,<\/p>\n\n\n\n<p class=\"gtfy-287 wp-block-paragraph\">\u2022 strona spo\u0142eczna \u2014 stowarzyszenia i fundacje.<\/p>\n\n<\/div><div role=\"tabpanel\" class=\"wp-block-ub-tabbed-content-tab-content-wrap ub-hide gtfy-290\" id=\"ub-tabbed-content-99ba6aed-bbc3-40d3-b577-0dbc1454fa1e-panel-9\" aria-labelledby=\"ub-tabbed-content-99ba6aed-bbc3-40d3-b577-0dbc1454fa1e-tab-9\" tabindex=\"0\">\n\n<p class=\"gtfy-289 wp-block-paragraph\"><\/p>\n\n<\/div><div role=\"tabpanel\" class=\"wp-block-ub-tabbed-content-tab-content-wrap ub-hide gtfy-292\" id=\"ub-tabbed-content-99ba6aed-bbc3-40d3-b577-0dbc1454fa1e-panel-10\" aria-labelledby=\"ub-tabbed-content-99ba6aed-bbc3-40d3-b577-0dbc1454fa1e-tab-10\" tabindex=\"0\">\n\n<p class=\"gtfy-291 wp-block-paragraph\"><\/p>\n\n<\/div><div role=\"tabpanel\" class=\"wp-block-ub-tabbed-content-tab-content-wrap ub-hide gtfy-294\" id=\"ub-tabbed-content-99ba6aed-bbc3-40d3-b577-0dbc1454fa1e-panel-11\" aria-labelledby=\"ub-tabbed-content-99ba6aed-bbc3-40d3-b577-0dbc1454fa1e-tab-11\" tabindex=\"0\">\n\n<p class=\"gtfy-293 wp-block-paragraph\"><\/p>\n\n<\/div><div role=\"tabpanel\" class=\"wp-block-ub-tabbed-content-tab-content-wrap ub-hide gtfy-296\" id=\"ub-tabbed-content-99ba6aed-bbc3-40d3-b577-0dbc1454fa1e-panel-12\" aria-labelledby=\"ub-tabbed-content-99ba6aed-bbc3-40d3-b577-0dbc1454fa1e-tab-12\" tabindex=\"0\">\n\n<p class=\"gtfy-295 wp-block-paragraph\"><\/p>\n\n<\/div><div role=\"tabpanel\" class=\"wp-block-ub-tabbed-content-tab-content-wrap ub-hide gtfy-298\" id=\"ub-tabbed-content-99ba6aed-bbc3-40d3-b577-0dbc1454fa1e-panel-13\" aria-labelledby=\"ub-tabbed-content-99ba6aed-bbc3-40d3-b577-0dbc1454fa1e-tab-13\" tabindex=\"0\">\n\n<p class=\"gtfy-297 wp-block-paragraph\"><\/p>\n\n<\/div><div role=\"tabpanel\" class=\"wp-block-ub-tabbed-content-tab-content-wrap ub-hide gtfy-300\" id=\"ub-tabbed-content-99ba6aed-bbc3-40d3-b577-0dbc1454fa1e-panel-14\" aria-labelledby=\"ub-tabbed-content-99ba6aed-bbc3-40d3-b577-0dbc1454fa1e-tab-14\" tabindex=\"0\">\n\n<p class=\"gtfy-299 wp-block-paragraph\"><\/p>\n\n<\/div><div role=\"tabpanel\" class=\"wp-block-ub-tabbed-content-tab-content-wrap ub-hide gtfy-302\" id=\"ub-tabbed-content-99ba6aed-bbc3-40d3-b577-0dbc1454fa1e-panel-15\" aria-labelledby=\"ub-tabbed-content-99ba6aed-bbc3-40d3-b577-0dbc1454fa1e-tab-15\" tabindex=\"0\">\n\n<p class=\"gtfy-301 wp-block-paragraph\"><\/p>\n\n<\/div><div role=\"tabpanel\" class=\"wp-block-ub-tabbed-content-tab-content-wrap ub-hide gtfy-304\" id=\"ub-tabbed-content-99ba6aed-bbc3-40d3-b577-0dbc1454fa1e-panel-16\" aria-labelledby=\"ub-tabbed-content-99ba6aed-bbc3-40d3-b577-0dbc1454fa1e-tab-16\" tabindex=\"0\">\n\n<p class=\"gtfy-303 wp-block-paragraph\"><\/p>\n\n<\/div><div role=\"tabpanel\" class=\"wp-block-ub-tabbed-content-tab-content-wrap ub-hide gtfy-306\" id=\"ub-tabbed-content-99ba6aed-bbc3-40d3-b577-0dbc1454fa1e-panel-17\" aria-labelledby=\"ub-tabbed-content-99ba6aed-bbc3-40d3-b577-0dbc1454fa1e-tab-17\" tabindex=\"0\">\n\n<p class=\"gtfy-305 wp-block-paragraph\"><\/p>\n\n<\/div><div role=\"tabpanel\" class=\"wp-block-ub-tabbed-content-tab-content-wrap ub-hide gtfy-308\" id=\"ub-tabbed-content-99ba6aed-bbc3-40d3-b577-0dbc1454fa1e-panel-18\" aria-labelledby=\"ub-tabbed-content-99ba6aed-bbc3-40d3-b577-0dbc1454fa1e-tab-18\" tabindex=\"0\">\n\n<p class=\"gtfy-307 wp-block-paragraph\"><\/p>\n\n<\/div><div role=\"tabpanel\" class=\"wp-block-ub-tabbed-content-tab-content-wrap ub-hide gtfy-310\" id=\"ub-tabbed-content-99ba6aed-bbc3-40d3-b577-0dbc1454fa1e-panel-19\" aria-labelledby=\"ub-tabbed-content-99ba6aed-bbc3-40d3-b577-0dbc1454fa1e-tab-19\" tabindex=\"0\">\n\n<p class=\"gtfy-309 wp-block-paragraph\"><\/p>\n\n<\/div><div role=\"tabpanel\" class=\"wp-block-ub-tabbed-content-tab-content-wrap ub-hide gtfy-312\" id=\"ub-tabbed-content-99ba6aed-bbc3-40d3-b577-0dbc1454fa1e-panel-20\" aria-labelledby=\"ub-tabbed-content-99ba6aed-bbc3-40d3-b577-0dbc1454fa1e-tab-20\" tabindex=\"0\">\n\n<p class=\"gtfy-311 wp-block-paragraph\"><\/p>\n\n<\/div><div role=\"tabpanel\" class=\"wp-block-ub-tabbed-content-tab-content-wrap ub-hide gtfy-314\" id=\"ub-tabbed-content-99ba6aed-bbc3-40d3-b577-0dbc1454fa1e-panel-21\" aria-labelledby=\"ub-tabbed-content-99ba6aed-bbc3-40d3-b577-0dbc1454fa1e-tab-21\" tabindex=\"0\">\n\n<p class=\"gtfy-313 wp-block-paragraph\"><\/p>\n\n<\/div><div role=\"tabpanel\" class=\"wp-block-ub-tabbed-content-tab-content-wrap ub-hide gtfy-316\" id=\"ub-tabbed-content-99ba6aed-bbc3-40d3-b577-0dbc1454fa1e-panel-22\" aria-labelledby=\"ub-tabbed-content-99ba6aed-bbc3-40d3-b577-0dbc1454fa1e-tab-22\" tabindex=\"0\">\n\n<p class=\"gtfy-315 wp-block-paragraph\"><\/p>\n\n<\/div><div role=\"tabpanel\" class=\"wp-block-ub-tabbed-content-tab-content-wrap ub-hide gtfy-318\" id=\"ub-tabbed-content-99ba6aed-bbc3-40d3-b577-0dbc1454fa1e-panel-23\" aria-labelledby=\"ub-tabbed-content-99ba6aed-bbc3-40d3-b577-0dbc1454fa1e-tab-23\" tabindex=\"0\">\n\n<p class=\"gtfy-317 wp-block-paragraph\"><\/p>\n\n<\/div><div role=\"tabpanel\" class=\"wp-block-ub-tabbed-content-tab-content-wrap ub-hide gtfy-320\" id=\"ub-tabbed-content-99ba6aed-bbc3-40d3-b577-0dbc1454fa1e-panel-24\" aria-labelledby=\"ub-tabbed-content-99ba6aed-bbc3-40d3-b577-0dbc1454fa1e-tab-24\" tabindex=\"0\">\n\n<p class=\"gtfy-319 wp-block-paragraph\"><\/p>\n\n<\/div><div role=\"tabpanel\" class=\"wp-block-ub-tabbed-content-tab-content-wrap ub-hide gtfy-322\" id=\"ub-tabbed-content-99ba6aed-bbc3-40d3-b577-0dbc1454fa1e-panel-25\" aria-labelledby=\"ub-tabbed-content-99ba6aed-bbc3-40d3-b577-0dbc1454fa1e-tab-25\" tabindex=\"0\">\n\n<p class=\"gtfy-321 wp-block-paragraph\"><\/p>\n\n<\/div><div role=\"tabpanel\" class=\"wp-block-ub-tabbed-content-tab-content-wrap ub-hide gtfy-324\" id=\"ub-tabbed-content-99ba6aed-bbc3-40d3-b577-0dbc1454fa1e-panel-26\" aria-labelledby=\"ub-tabbed-content-99ba6aed-bbc3-40d3-b577-0dbc1454fa1e-tab-26\" tabindex=\"0\">\n\n<p class=\"gtfy-323 wp-block-paragraph\"><\/p>\n\n<\/div><div role=\"tabpanel\" class=\"wp-block-ub-tabbed-content-tab-content-wrap ub-hide gtfy-326\" id=\"ub-tabbed-content-99ba6aed-bbc3-40d3-b577-0dbc1454fa1e-panel-27\" aria-labelledby=\"ub-tabbed-content-99ba6aed-bbc3-40d3-b577-0dbc1454fa1e-tab-27\" tabindex=\"0\">\n\n<p class=\"gtfy-325 wp-block-paragraph\"><\/p>\n\n<\/div><div role=\"tabpanel\" class=\"wp-block-ub-tabbed-content-tab-content-wrap ub-hide gtfy-328\" id=\"ub-tabbed-content-99ba6aed-bbc3-40d3-b577-0dbc1454fa1e-panel-28\" aria-labelledby=\"ub-tabbed-content-99ba6aed-bbc3-40d3-b577-0dbc1454fa1e-tab-28\" tabindex=\"0\">\n\n<p class=\"gtfy-327 wp-block-paragraph\"><\/p>\n\n<\/div><div role=\"tabpanel\" class=\"wp-block-ub-tabbed-content-tab-content-wrap ub-hide gtfy-330\" id=\"ub-tabbed-content-99ba6aed-bbc3-40d3-b577-0dbc1454fa1e-panel-29\" aria-labelledby=\"ub-tabbed-content-99ba6aed-bbc3-40d3-b577-0dbc1454fa1e-tab-29\" tabindex=\"0\">\n\n<p class=\"gtfy-329 wp-block-paragraph\"><\/p>\n\n<\/div><div role=\"tabpanel\" class=\"wp-block-ub-tabbed-content-tab-content-wrap ub-hide gtfy-332\" id=\"ub-tabbed-content-99ba6aed-bbc3-40d3-b577-0dbc1454fa1e-panel-30\" aria-labelledby=\"ub-tabbed-content-99ba6aed-bbc3-40d3-b577-0dbc1454fa1e-tab-30\" tabindex=\"0\">\n\n<p class=\"gtfy-331 wp-block-paragraph\"><\/p>\n\n<\/div><div role=\"tabpanel\" class=\"wp-block-ub-tabbed-content-tab-content-wrap ub-hide gtfy-334\" id=\"ub-tabbed-content-99ba6aed-bbc3-40d3-b577-0dbc1454fa1e-panel-31\" aria-labelledby=\"ub-tabbed-content-99ba6aed-bbc3-40d3-b577-0dbc1454fa1e-tab-31\" tabindex=\"0\">\n\n<p class=\"gtfy-333 wp-block-paragraph\"><\/p>\n\n<\/div><div role=\"tabpanel\" class=\"wp-block-ub-tabbed-content-tab-content-wrap ub-hide gtfy-336\" id=\"ub-tabbed-content-99ba6aed-bbc3-40d3-b577-0dbc1454fa1e-panel-32\" aria-labelledby=\"ub-tabbed-content-99ba6aed-bbc3-40d3-b577-0dbc1454fa1e-tab-32\" tabindex=\"0\">\n\n<p class=\"gtfy-335 wp-block-paragraph\"><\/p>\n\n<\/div><div role=\"tabpanel\" class=\"wp-block-ub-tabbed-content-tab-content-wrap ub-hide gtfy-338\" id=\"ub-tabbed-content-99ba6aed-bbc3-40d3-b577-0dbc1454fa1e-panel-33\" aria-labelledby=\"ub-tabbed-content-99ba6aed-bbc3-40d3-b577-0dbc1454fa1e-tab-33\" tabindex=\"0\">\n\n<p class=\"gtfy-337 wp-block-paragraph\"><\/p>\n\n<\/div><\/div>\n\t\t<\/div>\n\n\n<figure class=\"wp-block-image alignfull size-large gtfy-343\"><img loading=\"lazy\" decoding=\"async\" width=\"1024\" height=\"141\" src=\"https:\/\/new.kidl.org.pl\/wp-content\/uploads\/2026\/09\/image-3-1024x141.png\" alt=\"\" class=\"wp-image-1638\" srcset=\"https:\/\/new.kidl.org.pl\/wp-content\/uploads\/2026\/09\/image-3-1024x141.png 1024w, https:\/\/new.kidl.org.pl\/wp-content\/uploads\/2026\/09\/image-3-300x41.png 300w, https:\/\/new.kidl.org.pl\/wp-content\/uploads\/2026\/09\/image-3-761x105.png 761w, https:\/\/new.kidl.org.pl\/wp-content\/uploads\/2026\/09\/image-3.png 1384w\" sizes=\"auto, (max-width: 1024px) 100vw, 1024px\" \/><\/figure>\n","protected":false},"excerpt":{"rendered":"","protected":false},"author":1,"featured_media":0,"parent":0,"menu_order":0,"comment_status":"closed","ping_status":"closed","template":"","meta":{"_gutenify_countdown_timer_type":"fixed","_gutenify_countdown_timer_evergreen_hours":24,"_gutenify_countdown_timer_evergreen_minutes":0,"_gutenify_countdown_timer_date":"","_gutenify_countdown_timer_timezone":"US\/Eastern","_gutenify_countdown_timer_end_action":"none","_gutenify_countdown_timer_hide_selector":"","_gutenify_countdown_timer_redirect_url":"","ngg_post_thumbnail":0,"footnotes":""},"class_list":["post-1622","page","type-page","status-publish","hentry"],"featured_image_src":null,"_links":{"self":[{"href":"https:\/\/new.kidl.org.pl\/index.php?rest_route=\/wp\/v2\/pages\/1622","targetHints":{"allow":["GET"]}}],"collection":[{"href":"https:\/\/new.kidl.org.pl\/index.php?rest_route=\/wp\/v2\/pages"}],"about":[{"href":"https:\/\/new.kidl.org.pl\/index.php?rest_route=\/wp\/v2\/types\/page"}],"author":[{"embeddable":true,"href":"https:\/\/new.kidl.org.pl\/index.php?rest_route=\/wp\/v2\/users\/1"}],"replies":[{"embeddable":true,"href":"https:\/\/new.kidl.org.pl\/index.php?rest_route=%2Fwp%2Fv2%2Fcomments&post=1622"}],"version-history":[{"count":11,"href":"https:\/\/new.kidl.org.pl\/index.php?rest_route=\/wp\/v2\/pages\/1622\/revisions"}],"predecessor-version":[{"id":1645,"href":"https:\/\/new.kidl.org.pl\/index.php?rest_route=\/wp\/v2\/pages\/1622\/revisions\/1645"}],"wp:attachment":[{"href":"https:\/\/new.kidl.org.pl\/index.php?rest_route=%2Fwp%2Fv2%2Fmedia&parent=1622"}],"curies":[{"name":"wp","href":"https:\/\/api.w.org\/{rel}","templated":true}]}}